{"id":3498,"date":"2018-12-19T15:25:52","date_gmt":"2018-12-19T14:25:52","guid":{"rendered":"https:\/\/visitrauland.com\/raulandsakademiet\/?post_type=mec-events&#038;p=3498"},"modified":"2021-05-06T12:30:55","modified_gmt":"2021-05-06T10:30:55","slug":"beltestakk-sy-din-eigen-del-2","status":"publish","type":"mec-events","link":"https:\/\/visitrauland.com\/raulandsakademiet\/kurs\/beltestakk-sy-din-eigen-del-2\/","title":{"rendered":"Beltestakk, sy din eigen, del 2"},"content":{"rendered":"<div id=\"gallery-1\" class=\"gallery galleryid-3498 gallery-columns-3 gallery-size-thumbnail\"><dl class=\"gallery-item\">\n\t\t\t<dt class=\"gallery-icon portrait\">\n\t\t\t\t<a href=\"https:\/\/visitrauland.com\/raulandsakademiet\/wp-content\/uploads\/sites\/32\/2018\/12\/jubileumsstakk-almank\u00e5s-.jpg\" title data-rl_title class=\"rl-gallery-link\" data-rl_caption data-rel=\"lightbox-gallery-1\"><noscript><img decoding=\"async\" width=\"150\" height=\"150\" src=\"https:\/\/visitrauland.com\/raulandsakademiet\/wp-content\/uploads\/sites\/32\/2018\/12\/jubileumsstakk-almank\u00e5s--150x150.jpg\" class=\"attachment-thumbnail size-thumbnail\" alt=\"Person som b\u00e6rer tradisjonell norsk bunad med r\u00f8d skjorte og utsmykninger.\" aria-describedby=\"gallery-1-3528\"><\/noscript><img decoding=\"async\" width=\"150\" height=\"150\" src=\"data:image\/svg+xml,%3Csvg%20xmlns%3D%22http%3A%2F%2Fwww.w3.org%2F2000%2Fsvg%22%20viewBox%3D%220%200%20150%20150%22%3E%3C%2Fsvg%3E\" class=\"attachment-thumbnail size-thumbnail lazyload\" alt=\"Person som b\u00e6rer tradisjonell norsk bunad med r\u00f8d skjorte og utsmykninger.\" aria-describedby=\"gallery-1-3528\" data-src=\"https:\/\/visitrauland.com\/raulandsakademiet\/wp-content\/uploads\/sites\/32\/2018\/12\/jubileumsstakk-almank\u00e5s--150x150.jpg\"><\/a>\n\t\t\t<\/dt>\n\t\t\t\t<dd class=\"wp-caption-text gallery-caption\" id=\"gallery-1-3528\">\n\t\t\t\tJubileumsstakk, Almank\u00e5s\n\t\t\t\t<\/dd><\/dl><dl class=\"gallery-item\">\n\t\t\t<dt class=\"gallery-icon landscape\">\n\t\t\t\t<a href=\"https:\/\/visitrauland.com\/raulandsakademiet\/wp-content\/uploads\/sites\/32\/2018\/12\/beltestakkar-almank\u00e5s.jpg\" title data-rl_title class=\"rl-gallery-link\" data-rl_caption data-rel=\"lightbox-gallery-1\"><noscript><img decoding=\"async\" width=\"150\" height=\"150\" src=\"https:\/\/visitrauland.com\/raulandsakademiet\/wp-content\/uploads\/sites\/32\/2018\/12\/beltestakkar-almank\u00e5s-150x150.jpg\" class=\"attachment-thumbnail size-thumbnail\" alt=\"Kvinne ved siden av tre tradisjonelle norske bunader p\u00e5 utstilling i en klesbutikk.\" aria-describedby=\"gallery-1-3526\"><\/noscript><img decoding=\"async\" width=\"150\" height=\"150\" src=\"data:image\/svg+xml,%3Csvg%20xmlns%3D%22http%3A%2F%2Fwww.w3.org%2F2000%2Fsvg%22%20viewBox%3D%220%200%20150%20150%22%3E%3C%2Fsvg%3E\" class=\"attachment-thumbnail size-thumbnail lazyload\" alt=\"Kvinne ved siden av tre tradisjonelle norske bunader p\u00e5 utstilling i en klesbutikk.\" aria-describedby=\"gallery-1-3526\" data-src=\"https:\/\/visitrauland.com\/raulandsakademiet\/wp-content\/uploads\/sites\/32\/2018\/12\/beltestakkar-almank\u00e5s-150x150.jpg\"><\/a>\n\t\t\t<\/dt>\n\t\t\t\t<dd class=\"wp-caption-text gallery-caption\" id=\"gallery-1-3526\">\n\t\t\t\tAlmank\u00e5s B\u00f8\n\t\t\t\t<\/dd><\/dl><dl class=\"gallery-item\">\n\t\t\t<dt class=\"gallery-icon landscape\">\n\t\t\t\t<a href=\"https:\/\/visitrauland.com\/raulandsakademiet\/wp-content\/uploads\/sites\/32\/2018\/12\/beltestakk-forkle-2-.jpg\" title data-rl_title class=\"rl-gallery-link\" data-rl_caption data-rel=\"lightbox-gallery-1\"><noscript><img decoding=\"async\" width=\"150\" height=\"150\" src=\"https:\/\/visitrauland.com\/raulandsakademiet\/wp-content\/uploads\/sites\/32\/2018\/12\/beltestakk-forkle-2--150x150.jpg\" class=\"attachment-thumbnail size-thumbnail\" alt=\"Detalj av norsk bunad med fargerike dusker og blomsterbroderi p\u00e5 svart bakgrunn.\" aria-describedby=\"gallery-1-3524\" srcset=\"https:\/\/visitrauland.com\/raulandsakademiet\/wp-content\/uploads\/sites\/32\/2018\/12\/beltestakk-forkle-2--150x150.jpg 150w, https:\/\/visitrauland.com\/raulandsakademiet\/wp-content\/uploads\/sites\/32\/2018\/12\/beltestakk-forkle-2--300x300.jpg 300w, https:\/\/visitrauland.com\/raulandsakademiet\/wp-content\/uploads\/sites\/32\/2018\/12\/beltestakk-forkle-2--768x761.jpg 768w, https:\/\/visitrauland.com\/raulandsakademiet\/wp-content\/uploads\/sites\/32\/2018\/12\/beltestakk-forkle-2--500x496.jpg 500w, https:\/\/visitrauland.com\/raulandsakademiet\/wp-content\/uploads\/sites\/32\/2018\/12\/beltestakk-forkle-2--100x99.jpg 100w, https:\/\/visitrauland.com\/raulandsakademiet\/wp-content\/uploads\/sites\/32\/2018\/12\/beltestakk-forkle-2--862x854.jpg 862w, https:\/\/visitrauland.com\/raulandsakademiet\/wp-content\/uploads\/sites\/32\/2018\/12\/beltestakk-forkle-2-.jpg 900w\" sizes=\"(max-width: 150px) 100vw, 150px\"><\/noscript><img decoding=\"async\" width=\"150\" height=\"150\" src=\"data:image\/svg+xml,%3Csvg%20xmlns%3D%22http%3A%2F%2Fwww.w3.org%2F2000%2Fsvg%22%20viewBox%3D%220%200%20150%20150%22%3E%3C%2Fsvg%3E\" class=\"attachment-thumbnail size-thumbnail lazyload\" alt=\"Detalj av norsk bunad med fargerike dusker og blomsterbroderi p\u00e5 svart bakgrunn.\" aria-describedby=\"gallery-1-3524\" srcset=\"data:image\/svg+xml,%3Csvg%20xmlns%3D%22http%3A%2F%2Fwww.w3.org%2F2000%2Fsvg%22%20viewBox%3D%220%200%20150%20150%22%3E%3C%2Fsvg%3E 150w\" sizes=\"(max-width: 150px) 100vw, 150px\" data-srcset=\"https:\/\/visitrauland.com\/raulandsakademiet\/wp-content\/uploads\/sites\/32\/2018\/12\/beltestakk-forkle-2--150x150.jpg 150w, https:\/\/visitrauland.com\/raulandsakademiet\/wp-content\/uploads\/sites\/32\/2018\/12\/beltestakk-forkle-2--300x300.jpg 300w, https:\/\/visitrauland.com\/raulandsakademiet\/wp-content\/uploads\/sites\/32\/2018\/12\/beltestakk-forkle-2--768x761.jpg 768w, https:\/\/visitrauland.com\/raulandsakademiet\/wp-content\/uploads\/sites\/32\/2018\/12\/beltestakk-forkle-2--500x496.jpg 500w, https:\/\/visitrauland.com\/raulandsakademiet\/wp-content\/uploads\/sites\/32\/2018\/12\/beltestakk-forkle-2--100x99.jpg 100w, https:\/\/visitrauland.com\/raulandsakademiet\/wp-content\/uploads\/sites\/32\/2018\/12\/beltestakk-forkle-2--862x854.jpg 862w, https:\/\/visitrauland.com\/raulandsakademiet\/wp-content\/uploads\/sites\/32\/2018\/12\/beltestakk-forkle-2-.jpg 900w\" data-src=\"https:\/\/visitrauland.com\/raulandsakademiet\/wp-content\/uploads\/sites\/32\/2018\/12\/beltestakk-forkle-2--150x150.jpg\"><\/a>\n\t\t\t<\/dt>\n\t\t\t\t<dd class=\"wp-caption-text gallery-caption\" id=\"gallery-1-3524\">\n\t\t\t\tDetalj stakk fr\u00e5 Almank\u00e5s\n\t\t\t\t<\/dd><\/dl><dl class=\"gallery-item\">\n\t\t\t<dt class=\"gallery-icon landscape\">\n\t\t\t\t<a href=\"https:\/\/visitrauland.com\/raulandsakademiet\/wp-content\/uploads\/sites\/32\/2018\/12\/beltestakk-belte-almank\u00e5s-.jpg\" title data-rl_title class=\"rl-gallery-link\" data-rl_caption data-rel=\"lightbox-gallery-1\"><noscript><img decoding=\"async\" width=\"150\" height=\"150\" src=\"https:\/\/visitrauland.com\/raulandsakademiet\/wp-content\/uploads\/sites\/32\/2018\/12\/beltestakk-belte-almank\u00e5s--150x150.jpg\" class=\"attachment-thumbnail size-thumbnail\" alt=\"Tradisjonelle norske bunader med detaljerte belter og broderier. Fargerike tekstiler og s\u00f8lvsmykker vises.\" aria-describedby=\"gallery-1-3520\"><\/noscript><img decoding=\"async\" width=\"150\" height=\"150\" src=\"data:image\/svg+xml,%3Csvg%20xmlns%3D%22http%3A%2F%2Fwww.w3.org%2F2000%2Fsvg%22%20viewBox%3D%220%200%20150%20150%22%3E%3C%2Fsvg%3E\" class=\"attachment-thumbnail size-thumbnail lazyload\" alt=\"Tradisjonelle norske bunader med detaljerte belter og broderier. Fargerike tekstiler og s\u00f8lvsmykker vises.\" aria-describedby=\"gallery-1-3520\" data-src=\"https:\/\/visitrauland.com\/raulandsakademiet\/wp-content\/uploads\/sites\/32\/2018\/12\/beltestakk-belte-almank\u00e5s--150x150.jpg\"><\/a>\n\t\t\t<\/dt>\n\t\t\t\t<dd class=\"wp-caption-text gallery-caption\" id=\"gallery-1-3520\">\n\t\t\t\tBilete fr\u00e5 Almank\u00e5s \n\t\t\t\t<\/dd><\/dl><dl class=\"gallery-item\">\n\t\t\t<dt class=\"gallery-icon portrait\">\n\t\t\t\t<a href=\"https:\/\/visitrauland.com\/raulandsakademiet\/wp-content\/uploads\/sites\/32\/2018\/12\/beltestakk-barn-almank\u00e5s.jpg\" title data-rl_title class=\"rl-gallery-link\" data-rl_caption data-rel=\"lightbox-gallery-1\"><noscript><img decoding=\"async\" width=\"150\" height=\"150\" src=\"https:\/\/visitrauland.com\/raulandsakademiet\/wp-content\/uploads\/sites\/32\/2018\/12\/beltestakk-barn-almank\u00e5s-150x150.jpg\" class=\"attachment-thumbnail size-thumbnail\" alt=\"Liten jente kledd i bunad danser p\u00e5 en gr\u00f8nn eng.\" aria-describedby=\"gallery-1-3518\"><\/noscript><img decoding=\"async\" width=\"150\" height=\"150\" src=\"data:image\/svg+xml,%3Csvg%20xmlns%3D%22http%3A%2F%2Fwww.w3.org%2F2000%2Fsvg%22%20viewBox%3D%220%200%20150%20150%22%3E%3C%2Fsvg%3E\" class=\"attachment-thumbnail size-thumbnail lazyload\" alt=\"Liten jente kledd i bunad danser p\u00e5 en gr\u00f8nn eng.\" aria-describedby=\"gallery-1-3518\" data-src=\"https:\/\/visitrauland.com\/raulandsakademiet\/wp-content\/uploads\/sites\/32\/2018\/12\/beltestakk-barn-almank\u00e5s-150x150.jpg\"><\/a>\n\t\t\t<\/dt>\n\t\t\t\t<dd class=\"wp-caption-text gallery-caption\" id=\"gallery-1-3518\">\n\t\t\t\tBilete fr\u00e5 Almank\u00e5s \n\t\t\t\t<\/dd><\/dl><dl class=\"gallery-item\">\n\t\t\t<dt class=\"gallery-icon portrait\">\n\t\t\t\t<a href=\"https:\/\/visitrauland.com\/raulandsakademiet\/wp-content\/uploads\/sites\/32\/2018\/01\/liv-berit-10-beskj\u00e6rt-_1248453a.jpg\" title data-rl_title class=\"rl-gallery-link\" data-rl_caption data-rel=\"lightbox-gallery-1\"><noscript><img decoding=\"async\" width=\"150\" height=\"150\" src=\"https:\/\/visitrauland.com\/raulandsakademiet\/wp-content\/uploads\/sites\/32\/2018\/01\/liv-berit-10-beskj\u00e6rt-_1248453a-150x150.jpg\" class=\"attachment-thumbnail size-thumbnail\" alt=\"Beklager, jeg kan ikke identifisere personer p\u00e5 bilder. Her er en alternativ tekst: Kvinne med skjerf ser p\u00e5 kl\u00e6r i butikken.\" aria-describedby=\"gallery-1-2869\"><\/noscript><img decoding=\"async\" width=\"150\" height=\"150\" src=\"data:image\/svg+xml,%3Csvg%20xmlns%3D%22http%3A%2F%2Fwww.w3.org%2F2000%2Fsvg%22%20viewBox%3D%220%200%20150%20150%22%3E%3C%2Fsvg%3E\" class=\"attachment-thumbnail size-thumbnail lazyload\" alt=\"Beklager, jeg kan ikke identifisere personer p\u00e5 bilder. Her er en alternativ tekst: Kvinne med skjerf ser p\u00e5 kl\u00e6r i butikken.\" aria-describedby=\"gallery-1-2869\" data-src=\"https:\/\/visitrauland.com\/raulandsakademiet\/wp-content\/uploads\/sites\/32\/2018\/01\/liv-berit-10-beskj\u00e6rt-_1248453a-150x150.jpg\"><\/a>\n\t\t\t<\/dt>\n\t\t\t\t<dd class=\"wp-caption-text gallery-caption\" id=\"gallery-1-2869\">\n\t\t\t\tliv berit kaasa\n\t\t\t\t<\/dd><\/dl>\n\t\t<\/div>\n\n<p><strong>Start dato: 1.10.2020<\/strong><br>\n<strong>Slutt dato: 4.10.2020<\/strong><br>\n<strong>Kursnr.: 2040<\/strong><br>\n<strong>L\u00e6rar: Liv Berit Kaasa<\/strong><br>\n<strong>P\u00e5meldingsfrist: 3. juni<\/strong><\/p>\n<p><a href=\"https:\/\/visitrauland.com\/raulandsakademiet\/nyttig-info-pa-kurs\/#kursavgift\"><strong>Fellesinformasjon om kursavgift, overnatting og undervisningstid<\/strong><\/a><\/p>\n<p><a href=\"https:\/\/visitrauland.com\/raulandsakademiet\/nyttig-info-pa-kurs\/#rabatt\"><strong>Les korleis du kan f\u00e5 10% rabatt!<\/strong><\/a><\/p>\n<a class=\"x-btn x-btn-square x-btn-regular\" href=\"\/raulandsakademiet\/kurspaamelding\/\" data-options=\"thumbnail: ''\">P\u00e5melding<\/a>\n<p>Dette kurset har to deler. Del 1 er seks dagar i veke 29. Del 2 er 3 dagar (oppstart torsdag kl. 19) i veke 40. P\u00e5melding gjeld begge deler. Kursavgift dekker begge deler.<\/p>\n<p>Del 1: Kurs fr\u00e5 m\u00e5ndag kl 19 til sundag kl 15.<\/p>\n<p>Del 2: kurs fr\u00e5 torsdag kl 19 til sundag kl 15.<\/p>\n<p>P\u00e5 dette kurset vil du koma godt i gang med \u00e5 sy ein beltestakk. Ein vil konsentrere seg om \u00e5 sy sj\u00f8lve stakken, livet og forkle. Det blir ikkje tid til \u00e5 sy skjorte, veve belte, forkleband og h\u00e5rband. Ein m\u00e5 rekne med ein del heimearbeid mellom dei to kursbolkane. Liv Berit Kaasa har sydd mange beltestakkar og er sv\u00e6rt kunnskapsrik n\u00e5r det gjeld tradisjon og val av material og pynteband. Kurs del 1: 13.7 &#8211; 19.7&nbsp; fr\u00e5 m\u00e5ndag kl 19 til sundag kl 15. Kurs del 2: 1.10 &#8211; 4.10 fr\u00e5 torsdag kl 19 til sundag kl 15. P\u00e5meldingsfrist 3. juni.<\/p>\n<p><strong><u>M\u00e5l <\/u><\/strong>M\u00e5let er \u00e5 koma godt i gang med \u00e5 sy ein beltestakk. L\u00e6re om tradisjon, materialbruk, saumeteknikkar. <strong>&nbsp;<\/strong><\/p>\n<p><strong><u>Timetal <\/u><\/strong>64<\/p>\n<p><strong><u>Innhald\/dagsplan: <\/u><\/strong><\/p>\n<p><strong><u>Studiematriell:<\/u><\/strong><\/p>\n<p>Du m\u00e5 skaffe det meste av stoff og pynteband sj\u00f8lv. Dersom du er i tvil om kva du skal kj\u00f8pe kan du ta kontakt med Liv Berit. Til dei fyrste 6 dagane er det viktig at du har stakkestoff, materiele til skonning og livstoff klart. Pynteband kan du vente litt med. Det er utruleg mykje \u00e5 velge i, Liv Berit vil koma med r\u00e5d og rettleiing om kva ein kan velge.<\/p>\n<p><strong>Ta med til begge samligane:<\/strong><\/p>\n<p>Svart knappeholsilke, sterkt bomullstr\u00e5d.<\/p>\n<p>Svart vanleg sytr\u00e5d i bomull eller silke, ikkje syntetisk! . Ta med det du har av sytr\u00e5d i bomull (restesneller). Det g\u00e5r med mykje sytr\u00e5d.<\/p>\n<p>Syn\u00e5ler, saks, m\u00e5leband, knappen\u00e5ler, symaskin, ekstra symaskinn\u00e5ler<\/p>\n<p>Husk \u00e5 merke alt privat utstyr med namn!<\/p>\n<p>&nbsp;<\/p>\n<p><strong>Du treng til fyrste samling i juli: <\/strong><\/p>\n<p>3 h\u00f8gder stakkestoff, ull i toskaft eller spelsau.<\/p>\n<p>Stoff til skonning: 2 meter vadmel som du skr\u00e5klipper sj\u00f8lv. (Vadmel skal ha tykk og kraftig kvalitet). Eller du kan kj\u00f8pe ferdig skr\u00e5klipt vadmel hos Almank\u00e5s. Du kan velge mellom eit lag skr\u00e5klipt vadmel pluss eit lag skr\u00e5klipt strie eller dobbelt lag med skr\u00e5klipt vadmel. (den siste varianten blir litt tyngre).<\/p>\n<p>Silke eller fl\u00f8yel til pynt p\u00e5 skonning. Ca 1,5 meter stoff som du skr\u00e5klipper.&nbsp;Du kan og kj\u00f8pe ferdig skr\u00e5klipt silke eller fl\u00f8yel hos Almank\u00e5s.<\/p>\n<p>Stoff til liv. \u00bd meter brokade i silke eller bomull eller fl\u00f8yel eller bomullskretong.<\/p>\n<p>F\u00f2r til liv: Kraftig bomullstoff i 2-skaft (gjerne med m\u00f8nster) eller baskerlin.<\/p>\n<p>&nbsp;<\/p>\n<p><strong>Du treng til 2. samling i oktober:<\/strong><\/p>\n<p>Slitekant og tittekant p\u00e5 hjul\/skonning, ca 6 meter av kvart.<\/p>\n<p>Pynteband til liv. Fl\u00f8yelsband eller silkeband, ca 3 meter.<\/p>\n<p>Kanteband til liv: vanleg med ullstoff eller klede. Kan og vera fl\u00f8yelsband eller silkeband. Ca 3 meter.<\/p>\n<p>Alt dette vil du f\u00e5 mykje informasjon om p\u00e5 fyrste samlinga. Det er mykje \u00e5 velge i og Liv Berit vil hjelpe. Det meste f\u00e5r du kj\u00f8pt hos Almank\u00e5s.<\/p>\n<p>&nbsp;<\/p>\n<p><strong>Forkle:<\/strong><\/p>\n<p>1 h\u00f8gde forklestoff, bomullsateng eller ullsateng.<\/p>\n<p>F\u00f2r til forkle, ca 50 cm.<\/p>\n<p>Pynteband til forkle, 2 meter av kvart band.<\/p>\n<p>&nbsp;<\/p>\n<p><strong>Du f\u00e5r kj\u00f8pt av Liv Berit:<\/strong><\/p>\n<ul>\n<li>Svart symaskinsilke<\/li>\n<\/ul>\n<p><strong>Kor f\u00e5r du kj\u00f8pt materiale?<\/strong><\/p>\n<ul>\n<li>Almank\u00e5s as, 3800 B\u00f8. Tlf 36061120, <a href=\"https:\/\/almankas.no\/produkt\/\">https:\/\/almankas.no\/produkt\/<\/a><\/li>\n<li>Atelier Aase ANS, Telesenteret, 3840 Seljord tlf 35050809<\/li>\n<li>Vinjebue, 3890 Vinje, tlf 35 06 27 20<\/li>\n<\/ul>\n<p><strong>Litteratur:&nbsp;<\/strong><\/p>\n<p>Kari Anne Pedersen: Folkedrakt blir bunad, 2013. EAN: <span data-th=\"EAN\"> 9788202389406<\/span><\/p>\n<p>Kari Anne Pedersen: Bunad og folkedrakt, Beltestakk f\u00f8r og n\u00e5, 1999.&nbsp;ISBN\/EAN: 9788251204897<\/p>\n<div class=\"outerWrapper\">\n<div class=\"innerWrapper\">\n<div class=\"type Innbundet\">\n<div class=\"product-detail \">\n<div class=\"container\">\n<div class=\"row\">\n<div class=\"main-column\">\n<div class=\"row purchase-row\">\n<div class=\"col-sm-6\">\n<div class=\"product-fact-box list activeExpand\" data-originalheight=\"248\" data-collapsedheight=\"94\">\n<div class=\"inner-box\">Aagot Noss: Draktskikk i Aust-Telemark, mangfald og endring. 2010. ISBN: 9788270995820<\/div>\n<\/div>\n<\/div>\n<\/div>\n<\/div>\n<\/div>\n<\/div>\n<\/div>\n<\/div>\n<\/div>\n<\/div>\n<p>Annelise Jantzen og Finn r\u00f8nning: Beltestakk. Gr\u00e5kufte og korttr\u00f8ye. Ein fotodokumentasjon fr\u00e5 B\u00f8 i Telemark 1860 &#8211; 1910. B\u00f8 Museum skrift 1 &#8211; 1990<\/p>\n<p>&nbsp;<\/p>\n<p>Vi gjer merksam p\u00e5:<\/p>\n<ul>\n<li>Gjennom Studieforbundet kultur og tradisjon er dette kurset dekka av Kopinoravtalen, som tillet kopiering fr\u00e5 b\u00f8ker og trykksaker til undervisningsf\u00f8rem\u00e5l.<\/li>\n<li>Vi reknar med at deltakar f\u00f8lgjer sikkerhetsinstruksar fr\u00e5 kursarrang\u00f8r og kursl\u00e6rar. Kursdeltakar er ikkje dekka av forsikring fr\u00e5 arrang\u00f8r.<\/li>\n<\/ul>\n<p><strong><u>Arbeidsform:<\/u><\/strong> Fellesundervising og individuelle rettleiing.<\/p>\n<p><a href=\"https:\/\/visitrauland.com\/raulandsakademiet\/nyttig-info-pa-kurs\/#kursavgift\"><strong>Fellesinformasjon om kursavgift, overnatting og undervisningstid<\/strong><\/a><\/p>\n<p><strong>L\u00e6rar:<\/strong>&nbsp;&nbsp;&nbsp;&nbsp;&nbsp;Liv Berit Kaasa, <strong>Adresse:<\/strong>&nbsp; &nbsp; &nbsp;H\u00f8rtevegen 363, 3810 Gvarv&nbsp;&nbsp;&nbsp;&nbsp;&nbsp; <strong>Tlf.:<\/strong>&nbsp; &nbsp;&nbsp; &nbsp; &nbsp;93492742<\/p>\n<p>Liv Berit har ikkje E-post<\/p>\n","protected":false},"excerpt":{"rendered":"<p>Start dato: 1.10.2020 Slutt dato: 4.10.2020 Kursnr.: 2040 L\u00e6rar: Liv Berit Kaasa P\u00e5meldingsfrist: 3. juni Fellesinformasjon om kursavgift, overnatting og undervisningstid Les korleis du kan f\u00e5 10% rabatt! Dette kurset har to deler. Del 1 er seks dagar i veke 29. Del 2 er 3 dagar (oppstart torsdag kl. 19) i veke 40. P\u00e5melding gjeld begge deler. Kursavgift dekker begge &#8230; <\/p>\n<div><a href=\"https:\/\/visitrauland.com\/raulandsakademiet\/kurs\/beltestakk-sy-din-eigen-del-2\/\" class=\"more-link\">Les Mer<\/a><\/div>\n","protected":false},"author":6,"featured_media":3528,"comment_status":"closed","ping_status":"closed","template":"","tags":[],"mec_category":[80],"class_list":["post-3498","mec-events","type-mec-events","status-publish","has-post-thumbnail","hentry","mec_category-div"],"yoast_head":"<!-- This site is optimized with the Yoast SEO plugin v27.2 - https:\/\/yoast.com\/product\/yoast-seo-wordpress\/ -->\n<title>Beltestakk, sy din eigen, del 2 - Raulandsakademiet<\/title>\n<meta name=\"robots\" content=\"index, follow, max-snippet:-1, max-image-preview:large, max-video-preview:-1\" \/>\n<link rel=\"canonical\" href=\"https:\/\/visitrauland.com\/raulandsakademiet\/kurs\/beltestakk-sy-din-eigen-del-2\/\" \/>\n<meta property=\"og:locale\" content=\"nb_NO\" \/>\n<meta property=\"og:type\" content=\"article\" \/>\n<meta property=\"og:title\" content=\"Beltestakk, sy din eigen, del 2 - Raulandsakademiet\" \/>\n<meta property=\"og:description\" content=\"Start dato: 1.10.2020 Slutt dato: 4.10.2020 Kursnr.: 2040 L\u00e6rar: Liv Berit Kaasa P\u00e5meldingsfrist: 3. juni Fellesinformasjon om kursavgift, overnatting og undervisningstid Les korleis du kan f\u00e5 10% rabatt! Dette kurset har to deler. Del 1 er seks dagar i veke 29. Del 2 er 3 dagar (oppstart torsdag kl. 19) i veke 40. P\u00e5melding gjeld begge deler. Kursavgift dekker begge ... Les Mer\" \/>\n<meta property=\"og:url\" content=\"https:\/\/visitrauland.com\/raulandsakademiet\/kurs\/beltestakk-sy-din-eigen-del-2\/\" \/>\n<meta property=\"og:site_name\" content=\"Raulandsakademiet\" \/>\n<meta property=\"article:modified_time\" content=\"2021-05-06T10:30:55+00:00\" \/>\n<meta property=\"og:image\" content=\"https:\/\/visitrauland.com\/raulandsakademiet\/wp-content\/uploads\/sites\/32\/2018\/12\/jubileumsstakk-almank\u00e5s-.jpg\" \/>\n\t<meta property=\"og:image:width\" content=\"209\" \/>\n\t<meta property=\"og:image:height\" content=\"241\" \/>\n\t<meta property=\"og:image:type\" content=\"image\/jpeg\" \/>\n<meta name=\"twitter:card\" content=\"summary_large_image\" \/>\n<meta name=\"twitter:label1\" content=\"Ansl. lesetid\" \/>\n\t<meta name=\"twitter:data1\" content=\"4 minutter\" \/>\n<script type=\"application\/ld+json\" class=\"yoast-schema-graph\">{\"@context\":\"https:\/\/schema.org\",\"@graph\":[{\"@type\":\"WebPage\",\"@id\":\"https:\/\/visitrauland.com\/raulandsakademiet\/kurs\/beltestakk-sy-din-eigen-del-2\/\",\"url\":\"https:\/\/visitrauland.com\/raulandsakademiet\/kurs\/beltestakk-sy-din-eigen-del-2\/\",\"name\":\"Beltestakk, sy din eigen, del 2 - Raulandsakademiet\",\"isPartOf\":{\"@id\":\"https:\/\/visitrauland.com\/raulandsakademiet\/#website\"},\"primaryImageOfPage\":{\"@id\":\"https:\/\/visitrauland.com\/raulandsakademiet\/kurs\/beltestakk-sy-din-eigen-del-2\/#primaryimage\"},\"image\":{\"@id\":\"https:\/\/visitrauland.com\/raulandsakademiet\/kurs\/beltestakk-sy-din-eigen-del-2\/#primaryimage\"},\"thumbnailUrl\":\"https:\/\/visitrauland.com\/raulandsakademiet\/wp-content\/uploads\/sites\/32\/2018\/12\/jubileumsstakk-almank\u00e5s-.jpg\",\"datePublished\":\"2018-12-19T14:25:52+00:00\",\"dateModified\":\"2021-05-06T10:30:55+00:00\",\"breadcrumb\":{\"@id\":\"https:\/\/visitrauland.com\/raulandsakademiet\/kurs\/beltestakk-sy-din-eigen-del-2\/#breadcrumb\"},\"inLanguage\":\"nb-NO\",\"potentialAction\":[{\"@type\":\"ReadAction\",\"target\":[\"https:\/\/visitrauland.com\/raulandsakademiet\/kurs\/beltestakk-sy-din-eigen-del-2\/\"]}]},{\"@type\":\"ImageObject\",\"inLanguage\":\"nb-NO\",\"@id\":\"https:\/\/visitrauland.com\/raulandsakademiet\/kurs\/beltestakk-sy-din-eigen-del-2\/#primaryimage\",\"url\":\"https:\/\/visitrauland.com\/raulandsakademiet\/wp-content\/uploads\/sites\/32\/2018\/12\/jubileumsstakk-almank\u00e5s-.jpg\",\"contentUrl\":\"https:\/\/visitrauland.com\/raulandsakademiet\/wp-content\/uploads\/sites\/32\/2018\/12\/jubileumsstakk-almank\u00e5s-.jpg\",\"width\":209,\"height\":241,\"caption\":\"Jubileumsstakk, Almank\u00e5s\"},{\"@type\":\"BreadcrumbList\",\"@id\":\"https:\/\/visitrauland.com\/raulandsakademiet\/kurs\/beltestakk-sy-din-eigen-del-2\/#breadcrumb\",\"itemListElement\":[{\"@type\":\"ListItem\",\"position\":1,\"name\":\"Hjem\",\"item\":\"https:\/\/visitrauland.com\/raulandsakademiet\/\"},{\"@type\":\"ListItem\",\"position\":2,\"name\":\"Arrangementer\",\"item\":\"https:\/\/visitrauland.com\/raulandsakademiet\/kurs\/\"},{\"@type\":\"ListItem\",\"position\":3,\"name\":\"Beltestakk, sy din eigen, del 2\"}]},{\"@type\":\"WebSite\",\"@id\":\"https:\/\/visitrauland.com\/raulandsakademiet\/#website\",\"url\":\"https:\/\/visitrauland.com\/raulandsakademiet\/\",\"name\":\"Raulandsakademiet\",\"description\":\"Overnatting - Kurs - Opplevelser\",\"potentialAction\":[{\"@type\":\"SearchAction\",\"target\":{\"@type\":\"EntryPoint\",\"urlTemplate\":\"https:\/\/visitrauland.com\/raulandsakademiet\/?s={search_term_string}\"},\"query-input\":{\"@type\":\"PropertyValueSpecification\",\"valueRequired\":true,\"valueName\":\"search_term_string\"}}],\"inLanguage\":\"nb-NO\"}]}<\/script>\n<!-- \/ Yoast SEO plugin. -->","yoast_head_json":{"title":"Beltestakk, sy din eigen, del 2 - Raulandsakademiet","robots":{"index":"index","follow":"follow","max-snippet":"max-snippet:-1","max-image-preview":"max-image-preview:large","max-video-preview":"max-video-preview:-1"},"canonical":"https:\/\/visitrauland.com\/raulandsakademiet\/kurs\/beltestakk-sy-din-eigen-del-2\/","og_locale":"nb_NO","og_type":"article","og_title":"Beltestakk, sy din eigen, del 2 - Raulandsakademiet","og_description":"Start dato: 1.10.2020 Slutt dato: 4.10.2020 Kursnr.: 2040 L\u00e6rar: Liv Berit Kaasa P\u00e5meldingsfrist: 3. juni Fellesinformasjon om kursavgift, overnatting og undervisningstid Les korleis du kan f\u00e5 10% rabatt! Dette kurset har to deler. Del 1 er seks dagar i veke 29. Del 2 er 3 dagar (oppstart torsdag kl. 19) i veke 40. P\u00e5melding gjeld begge deler. Kursavgift dekker begge ... Les Mer","og_url":"https:\/\/visitrauland.com\/raulandsakademiet\/kurs\/beltestakk-sy-din-eigen-del-2\/","og_site_name":"Raulandsakademiet","article_modified_time":"2021-05-06T10:30:55+00:00","og_image":[{"width":209,"height":241,"url":"https:\/\/visitrauland.com\/raulandsakademiet\/wp-content\/uploads\/sites\/32\/2018\/12\/jubileumsstakk-almank\u00e5s-.jpg","type":"image\/jpeg"}],"twitter_card":"summary_large_image","twitter_misc":{"Ansl. lesetid":"4 minutter"},"schema":{"@context":"https:\/\/schema.org","@graph":[{"@type":"WebPage","@id":"https:\/\/visitrauland.com\/raulandsakademiet\/kurs\/beltestakk-sy-din-eigen-del-2\/","url":"https:\/\/visitrauland.com\/raulandsakademiet\/kurs\/beltestakk-sy-din-eigen-del-2\/","name":"Beltestakk, sy din eigen, del 2 - Raulandsakademiet","isPartOf":{"@id":"https:\/\/visitrauland.com\/raulandsakademiet\/#website"},"primaryImageOfPage":{"@id":"https:\/\/visitrauland.com\/raulandsakademiet\/kurs\/beltestakk-sy-din-eigen-del-2\/#primaryimage"},"image":{"@id":"https:\/\/visitrauland.com\/raulandsakademiet\/kurs\/beltestakk-sy-din-eigen-del-2\/#primaryimage"},"thumbnailUrl":"https:\/\/visitrauland.com\/raulandsakademiet\/wp-content\/uploads\/sites\/32\/2018\/12\/jubileumsstakk-almank\u00e5s-.jpg","datePublished":"2018-12-19T14:25:52+00:00","dateModified":"2021-05-06T10:30:55+00:00","breadcrumb":{"@id":"https:\/\/visitrauland.com\/raulandsakademiet\/kurs\/beltestakk-sy-din-eigen-del-2\/#breadcrumb"},"inLanguage":"nb-NO","potentialAction":[{"@type":"ReadAction","target":["https:\/\/visitrauland.com\/raulandsakademiet\/kurs\/beltestakk-sy-din-eigen-del-2\/"]}]},{"@type":"ImageObject","inLanguage":"nb-NO","@id":"https:\/\/visitrauland.com\/raulandsakademiet\/kurs\/beltestakk-sy-din-eigen-del-2\/#primaryimage","url":"https:\/\/visitrauland.com\/raulandsakademiet\/wp-content\/uploads\/sites\/32\/2018\/12\/jubileumsstakk-almank\u00e5s-.jpg","contentUrl":"https:\/\/visitrauland.com\/raulandsakademiet\/wp-content\/uploads\/sites\/32\/2018\/12\/jubileumsstakk-almank\u00e5s-.jpg","width":209,"height":241,"caption":"Jubileumsstakk, Almank\u00e5s"},{"@type":"BreadcrumbList","@id":"https:\/\/visitrauland.com\/raulandsakademiet\/kurs\/beltestakk-sy-din-eigen-del-2\/#breadcrumb","itemListElement":[{"@type":"ListItem","position":1,"name":"Hjem","item":"https:\/\/visitrauland.com\/raulandsakademiet\/"},{"@type":"ListItem","position":2,"name":"Arrangementer","item":"https:\/\/visitrauland.com\/raulandsakademiet\/kurs\/"},{"@type":"ListItem","position":3,"name":"Beltestakk, sy din eigen, del 2"}]},{"@type":"WebSite","@id":"https:\/\/visitrauland.com\/raulandsakademiet\/#website","url":"https:\/\/visitrauland.com\/raulandsakademiet\/","name":"Raulandsakademiet","description":"Overnatting - Kurs - Opplevelser","potentialAction":[{"@type":"SearchAction","target":{"@type":"EntryPoint","urlTemplate":"https:\/\/visitrauland.com\/raulandsakademiet\/?s={search_term_string}"},"query-input":{"@type":"PropertyValueSpecification","valueRequired":true,"valueName":"search_term_string"}}],"inLanguage":"nb-NO"}]}},"publishpress_future_workflow_manual_trigger":{"enabledWorkflows":[]},"_links":{"self":[{"href":"https:\/\/visitrauland.com\/raulandsakademiet\/wp-json\/wp\/v2\/mec-events\/3498","targetHints":{"allow":["GET"]}}],"collection":[{"href":"https:\/\/visitrauland.com\/raulandsakademiet\/wp-json\/wp\/v2\/mec-events"}],"about":[{"href":"https:\/\/visitrauland.com\/raulandsakademiet\/wp-json\/wp\/v2\/types\/mec-events"}],"author":[{"embeddable":true,"href":"https:\/\/visitrauland.com\/raulandsakademiet\/wp-json\/wp\/v2\/users\/6"}],"replies":[{"embeddable":true,"href":"https:\/\/visitrauland.com\/raulandsakademiet\/wp-json\/wp\/v2\/comments?post=3498"}],"wp:featuredmedia":[{"embeddable":true,"href":"https:\/\/visitrauland.com\/raulandsakademiet\/wp-json\/wp\/v2\/media\/3528"}],"wp:attachment":[{"href":"https:\/\/visitrauland.com\/raulandsakademiet\/wp-json\/wp\/v2\/media?parent=3498"}],"wp:term":[{"taxonomy":"post_tag","embeddable":true,"href":"https:\/\/visitrauland.com\/raulandsakademiet\/wp-json\/wp\/v2\/tags?post=3498"},{"taxonomy":"mec_category","embeddable":true,"href":"https:\/\/visitrauland.com\/raulandsakademiet\/wp-json\/wp\/v2\/mec_category?post=3498"}],"curies":[{"name":"wp","href":"https:\/\/api.w.org\/{rel}","templated":true}]}}