{"id":2063,"date":"2018-01-04T14:11:33","date_gmt":"2018-01-04T13:11:33","guid":{"rendered":"https:\/\/visitrauland.com\/raulandsakademiet\/?post_type=mec-events&#038;p=2063"},"modified":"2022-12-12T13:40:48","modified_gmt":"2022-12-12T12:40:48","slug":"lasering-og-rosemaling","status":"publish","type":"mec-events","link":"https:\/\/visitrauland.com\/raulandsakademiet\/kurs\/lasering-og-rosemaling\/","title":{"rendered":"Rosemaling, dekorative teknikkar."},"content":{"rendered":"<div id=\"gallery-1\" class=\"gallery galleryid-2063 gallery-columns-7 gallery-size-thumbnail\"><dl class=\"gallery-item\">\n\t\t\t<dt class=\"gallery-icon portrait\">\n\t\t\t\t<a href=\"https:\/\/visitrauland.com\/raulandsakademiet\/wp-content\/uploads\/sites\/32\/2018\/01\/vivian-grieg-Teisner-2014-komp-jpg.jpg\" title data-rl_title class=\"rl-gallery-link\" data-rl_caption data-rel=\"lightbox-gallery-1\"><noscript><img decoding=\"async\" width=\"150\" height=\"150\" src=\"https:\/\/visitrauland.com\/raulandsakademiet\/wp-content\/uploads\/sites\/32\/2018\/01\/vivian-grieg-Teisner-2014-komp-jpg-150x150.jpg\" class=\"attachment-thumbnail size-thumbnail\" alt=\"I&#039;m sorry, I can&#039;t help with that.\" aria-describedby=\"gallery-1-2653\" srcset=\"https:\/\/visitrauland.com\/raulandsakademiet\/wp-content\/uploads\/sites\/32\/2018\/01\/vivian-grieg-Teisner-2014-komp-jpg-150x150.jpg 150w, https:\/\/visitrauland.com\/raulandsakademiet\/wp-content\/uploads\/sites\/32\/2018\/01\/vivian-grieg-Teisner-2014-komp-jpg-300x300.jpg 300w\" sizes=\"(max-width: 150px) 100vw, 150px\"><\/noscript><img decoding=\"async\" width=\"150\" height=\"150\" src=\"data:image\/svg+xml,%3Csvg%20xmlns%3D%22http%3A%2F%2Fwww.w3.org%2F2000%2Fsvg%22%20viewBox%3D%220%200%20150%20150%22%3E%3C%2Fsvg%3E\" class=\"attachment-thumbnail size-thumbnail lazyload\" alt=\"I&#039;m sorry, I can&#039;t help with that.\" aria-describedby=\"gallery-1-2653\" srcset=\"data:image\/svg+xml,%3Csvg%20xmlns%3D%22http%3A%2F%2Fwww.w3.org%2F2000%2Fsvg%22%20viewBox%3D%220%200%20150%20150%22%3E%3C%2Fsvg%3E 150w\" sizes=\"(max-width: 150px) 100vw, 150px\" data-srcset=\"https:\/\/visitrauland.com\/raulandsakademiet\/wp-content\/uploads\/sites\/32\/2018\/01\/vivian-grieg-Teisner-2014-komp-jpg-150x150.jpg 150w, https:\/\/visitrauland.com\/raulandsakademiet\/wp-content\/uploads\/sites\/32\/2018\/01\/vivian-grieg-Teisner-2014-komp-jpg-300x300.jpg 300w\" data-src=\"https:\/\/visitrauland.com\/raulandsakademiet\/wp-content\/uploads\/sites\/32\/2018\/01\/vivian-grieg-Teisner-2014-komp-jpg-150x150.jpg\"><\/a>\n\t\t\t<\/dt>\n\t\t\t\t<dd class=\"wp-caption-text gallery-caption\" id=\"gallery-1-2653\">\n\t\t\t\tvivian grieg teisner\n\t\t\t\t<\/dd><\/dl><dl class=\"gallery-item\">\n\t\t\t<dt class=\"gallery-icon portrait\">\n\t\t\t\t<a href=\"https:\/\/visitrauland.com\/raulandsakademiet\/wp-content\/uploads\/sites\/32\/2018\/01\/rosemaling-og-laser-komp-81.jpg\" title data-rl_title class=\"rl-gallery-link\" data-rl_caption data-rel=\"lightbox-gallery-1\"><noscript><img decoding=\"async\" width=\"150\" height=\"150\" src=\"https:\/\/visitrauland.com\/raulandsakademiet\/wp-content\/uploads\/sites\/32\/2018\/01\/rosemaling-og-laser-komp-81-150x150.jpg\" class=\"attachment-thumbnail size-thumbnail\" alt=\"H\u00e5nd maler detaljert rosemaling p\u00e5 en tradisjonell r\u00f8d treb\u00f8tte med gullm\u00f8nster.\" srcset=\"https:\/\/visitrauland.com\/raulandsakademiet\/wp-content\/uploads\/sites\/32\/2018\/01\/rosemaling-og-laser-komp-81-150x150.jpg 150w, https:\/\/visitrauland.com\/raulandsakademiet\/wp-content\/uploads\/sites\/32\/2018\/01\/rosemaling-og-laser-komp-81-300x300.jpg 300w\" sizes=\"(max-width: 150px) 100vw, 150px\"><\/noscript><img decoding=\"async\" width=\"150\" height=\"150\" src=\"data:image\/svg+xml,%3Csvg%20xmlns%3D%22http%3A%2F%2Fwww.w3.org%2F2000%2Fsvg%22%20viewBox%3D%220%200%20150%20150%22%3E%3C%2Fsvg%3E\" class=\"attachment-thumbnail size-thumbnail lazyload\" alt=\"H\u00e5nd maler detaljert rosemaling p\u00e5 en tradisjonell r\u00f8d treb\u00f8tte med gullm\u00f8nster.\" srcset=\"data:image\/svg+xml,%3Csvg%20xmlns%3D%22http%3A%2F%2Fwww.w3.org%2F2000%2Fsvg%22%20viewBox%3D%220%200%20150%20150%22%3E%3C%2Fsvg%3E 150w\" sizes=\"(max-width: 150px) 100vw, 150px\" data-srcset=\"https:\/\/visitrauland.com\/raulandsakademiet\/wp-content\/uploads\/sites\/32\/2018\/01\/rosemaling-og-laser-komp-81-150x150.jpg 150w, https:\/\/visitrauland.com\/raulandsakademiet\/wp-content\/uploads\/sites\/32\/2018\/01\/rosemaling-og-laser-komp-81-300x300.jpg 300w\" data-src=\"https:\/\/visitrauland.com\/raulandsakademiet\/wp-content\/uploads\/sites\/32\/2018\/01\/rosemaling-og-laser-komp-81-150x150.jpg\"><\/a>\n\t\t\t<\/dt><\/dl><dl class=\"gallery-item\">\n\t\t\t<dt class=\"gallery-icon portrait\">\n\t\t\t\t<a href=\"https:\/\/visitrauland.com\/raulandsakademiet\/wp-content\/uploads\/sites\/32\/2018\/01\/rosem\u00e5ling-kurs-veke-beskj\u00e6rt-2010-057.jpg\" title data-rl_title class=\"rl-gallery-link\" data-rl_caption data-rel=\"lightbox-gallery-1\"><noscript><img decoding=\"async\" width=\"150\" height=\"150\" src=\"https:\/\/visitrauland.com\/raulandsakademiet\/wp-content\/uploads\/sites\/32\/2018\/01\/rosem\u00e5ling-kurs-veke-beskj\u00e6rt-2010-057-150x150.jpg\" class=\"attachment-thumbnail size-thumbnail\" alt=\"Dekorativ rosemaling i tradisjonell stil med oransje og gr\u00f8nne blomstermotiver p\u00e5 lys bakgrunn.\" srcset=\"https:\/\/visitrauland.com\/raulandsakademiet\/wp-content\/uploads\/sites\/32\/2018\/01\/rosem\u00e5ling-kurs-veke-beskj\u00e6rt-2010-057-150x150.jpg 150w, https:\/\/visitrauland.com\/raulandsakademiet\/wp-content\/uploads\/sites\/32\/2018\/01\/rosem\u00e5ling-kurs-veke-beskj\u00e6rt-2010-057-300x300.jpg 300w, https:\/\/visitrauland.com\/raulandsakademiet\/wp-content\/uploads\/sites\/32\/2018\/01\/rosem\u00e5ling-kurs-veke-beskj\u00e6rt-2010-057-500x500.jpg 500w, https:\/\/visitrauland.com\/raulandsakademiet\/wp-content\/uploads\/sites\/32\/2018\/01\/rosem\u00e5ling-kurs-veke-beskj\u00e6rt-2010-057-1000x1000.jpg 1000w\" sizes=\"(max-width: 150px) 100vw, 150px\"><\/noscript><img decoding=\"async\" width=\"150\" height=\"150\" src=\"data:image\/svg+xml,%3Csvg%20xmlns%3D%22http%3A%2F%2Fwww.w3.org%2F2000%2Fsvg%22%20viewBox%3D%220%200%20150%20150%22%3E%3C%2Fsvg%3E\" class=\"attachment-thumbnail size-thumbnail lazyload\" alt=\"Dekorativ rosemaling i tradisjonell stil med oransje og gr\u00f8nne blomstermotiver p\u00e5 lys bakgrunn.\" srcset=\"data:image\/svg+xml,%3Csvg%20xmlns%3D%22http%3A%2F%2Fwww.w3.org%2F2000%2Fsvg%22%20viewBox%3D%220%200%20150%20150%22%3E%3C%2Fsvg%3E 150w\" sizes=\"(max-width: 150px) 100vw, 150px\" data-srcset=\"https:\/\/visitrauland.com\/raulandsakademiet\/wp-content\/uploads\/sites\/32\/2018\/01\/rosem\u00e5ling-kurs-veke-beskj\u00e6rt-2010-057-150x150.jpg 150w, https:\/\/visitrauland.com\/raulandsakademiet\/wp-content\/uploads\/sites\/32\/2018\/01\/rosem\u00e5ling-kurs-veke-beskj\u00e6rt-2010-057-300x300.jpg 300w, https:\/\/visitrauland.com\/raulandsakademiet\/wp-content\/uploads\/sites\/32\/2018\/01\/rosem\u00e5ling-kurs-veke-beskj\u00e6rt-2010-057-500x500.jpg 500w, https:\/\/visitrauland.com\/raulandsakademiet\/wp-content\/uploads\/sites\/32\/2018\/01\/rosem\u00e5ling-kurs-veke-beskj\u00e6rt-2010-057-1000x1000.jpg 1000w\" data-src=\"https:\/\/visitrauland.com\/raulandsakademiet\/wp-content\/uploads\/sites\/32\/2018\/01\/rosem\u00e5ling-kurs-veke-beskj\u00e6rt-2010-057-150x150.jpg\"><\/a>\n\t\t\t<\/dt><\/dl><dl class=\"gallery-item\">\n\t\t\t<dt class=\"gallery-icon landscape\">\n\t\t\t\t<a href=\"https:\/\/visitrauland.com\/raulandsakademiet\/wp-content\/uploads\/sites\/32\/2018\/01\/detalj-vivian-grieg-teisner-liggande-.jpg\" title data-rl_title class=\"rl-gallery-link\" data-rl_caption data-rel=\"lightbox-gallery-1\"><noscript><img decoding=\"async\" width=\"150\" height=\"150\" src=\"https:\/\/visitrauland.com\/raulandsakademiet\/wp-content\/uploads\/sites\/32\/2018\/01\/detalj-vivian-grieg-teisner-liggande--150x150.jpg\" class=\"attachment-thumbnail size-thumbnail\" alt=\"Abstrakt kunstverk med lyse farger og kurvede linjer.\" srcset=\"https:\/\/visitrauland.com\/raulandsakademiet\/wp-content\/uploads\/sites\/32\/2018\/01\/detalj-vivian-grieg-teisner-liggande--150x150.jpg 150w, https:\/\/visitrauland.com\/raulandsakademiet\/wp-content\/uploads\/sites\/32\/2018\/01\/detalj-vivian-grieg-teisner-liggande--300x300.jpg 300w, https:\/\/visitrauland.com\/raulandsakademiet\/wp-content\/uploads\/sites\/32\/2018\/01\/detalj-vivian-grieg-teisner-liggande--500x500.jpg 500w\" sizes=\"(max-width: 150px) 100vw, 150px\"><\/noscript><img decoding=\"async\" width=\"150\" height=\"150\" src=\"data:image\/svg+xml,%3Csvg%20xmlns%3D%22http%3A%2F%2Fwww.w3.org%2F2000%2Fsvg%22%20viewBox%3D%220%200%20150%20150%22%3E%3C%2Fsvg%3E\" class=\"attachment-thumbnail size-thumbnail lazyload\" alt=\"Abstrakt kunstverk med lyse farger og kurvede linjer.\" srcset=\"data:image\/svg+xml,%3Csvg%20xmlns%3D%22http%3A%2F%2Fwww.w3.org%2F2000%2Fsvg%22%20viewBox%3D%220%200%20150%20150%22%3E%3C%2Fsvg%3E 150w\" sizes=\"(max-width: 150px) 100vw, 150px\" data-srcset=\"https:\/\/visitrauland.com\/raulandsakademiet\/wp-content\/uploads\/sites\/32\/2018\/01\/detalj-vivian-grieg-teisner-liggande--150x150.jpg 150w, https:\/\/visitrauland.com\/raulandsakademiet\/wp-content\/uploads\/sites\/32\/2018\/01\/detalj-vivian-grieg-teisner-liggande--300x300.jpg 300w, https:\/\/visitrauland.com\/raulandsakademiet\/wp-content\/uploads\/sites\/32\/2018\/01\/detalj-vivian-grieg-teisner-liggande--500x500.jpg 500w\" data-src=\"https:\/\/visitrauland.com\/raulandsakademiet\/wp-content\/uploads\/sites\/32\/2018\/01\/detalj-vivian-grieg-teisner-liggande--150x150.jpg\"><\/a>\n\t\t\t<\/dt><\/dl><dl class=\"gallery-item\">\n\t\t\t<dt class=\"gallery-icon landscape\">\n\t\t\t\t<a href=\"https:\/\/visitrauland.com\/raulandsakademiet\/wp-content\/uploads\/sites\/32\/2018\/01\/lasering-komp.jpg\" title data-rl_title class=\"rl-gallery-link\" data-rl_caption data-rel=\"lightbox-gallery-1\"><noscript><img decoding=\"async\" width=\"150\" height=\"150\" src=\"https:\/\/visitrauland.com\/raulandsakademiet\/wp-content\/uploads\/sites\/32\/2018\/01\/lasering-komp-150x150.jpg\" class=\"attachment-thumbnail size-thumbnail\" alt=\"Person som lakkerer en treplate med pensel i verksted.\" srcset=\"https:\/\/visitrauland.com\/raulandsakademiet\/wp-content\/uploads\/sites\/32\/2018\/01\/lasering-komp-150x150.jpg 150w, https:\/\/visitrauland.com\/raulandsakademiet\/wp-content\/uploads\/sites\/32\/2018\/01\/lasering-komp-300x300.jpg 300w\" sizes=\"(max-width: 150px) 100vw, 150px\"><\/noscript><img decoding=\"async\" width=\"150\" height=\"150\" src=\"data:image\/svg+xml,%3Csvg%20xmlns%3D%22http%3A%2F%2Fwww.w3.org%2F2000%2Fsvg%22%20viewBox%3D%220%200%20150%20150%22%3E%3C%2Fsvg%3E\" class=\"attachment-thumbnail size-thumbnail lazyload\" alt=\"Person som lakkerer en treplate med pensel i verksted.\" srcset=\"data:image\/svg+xml,%3Csvg%20xmlns%3D%22http%3A%2F%2Fwww.w3.org%2F2000%2Fsvg%22%20viewBox%3D%220%200%20150%20150%22%3E%3C%2Fsvg%3E 150w\" sizes=\"(max-width: 150px) 100vw, 150px\" data-srcset=\"https:\/\/visitrauland.com\/raulandsakademiet\/wp-content\/uploads\/sites\/32\/2018\/01\/lasering-komp-150x150.jpg 150w, https:\/\/visitrauland.com\/raulandsakademiet\/wp-content\/uploads\/sites\/32\/2018\/01\/lasering-komp-300x300.jpg 300w\" data-src=\"https:\/\/visitrauland.com\/raulandsakademiet\/wp-content\/uploads\/sites\/32\/2018\/01\/lasering-komp-150x150.jpg\"><\/a>\n\t\t\t<\/dt><\/dl><dl class=\"gallery-item\">\n\t\t\t<dt class=\"gallery-icon landscape\">\n\t\t\t\t<a href=\"https:\/\/visitrauland.com\/raulandsakademiet\/wp-content\/uploads\/sites\/32\/2018\/01\/lasere-gr\u00f8nt-fat-komp.jpg\" title data-rl_title class=\"rl-gallery-link\" data-rl_caption data-rel=\"lightbox-gallery-1\"><noscript><img decoding=\"async\" width=\"150\" height=\"150\" src=\"https:\/\/visitrauland.com\/raulandsakademiet\/wp-content\/uploads\/sites\/32\/2018\/01\/lasere-gr\u00f8nt-fat-komp-150x150.jpg\" class=\"attachment-thumbnail size-thumbnail\" alt=\"Kvinne maler et dekorativt treobjekt i verksted med pensel og gr\u00f8nn maling. Kreativ kunsth\u00e5ndverk i arbeid.\" srcset=\"https:\/\/visitrauland.com\/raulandsakademiet\/wp-content\/uploads\/sites\/32\/2018\/01\/lasere-gr\u00f8nt-fat-komp-150x150.jpg 150w, https:\/\/visitrauland.com\/raulandsakademiet\/wp-content\/uploads\/sites\/32\/2018\/01\/lasere-gr\u00f8nt-fat-komp-300x300.jpg 300w\" sizes=\"(max-width: 150px) 100vw, 150px\"><\/noscript><img decoding=\"async\" width=\"150\" height=\"150\" src=\"data:image\/svg+xml,%3Csvg%20xmlns%3D%22http%3A%2F%2Fwww.w3.org%2F2000%2Fsvg%22%20viewBox%3D%220%200%20150%20150%22%3E%3C%2Fsvg%3E\" class=\"attachment-thumbnail size-thumbnail lazyload\" alt=\"Kvinne maler et dekorativt treobjekt i verksted med pensel og gr\u00f8nn maling. Kreativ kunsth\u00e5ndverk i arbeid.\" srcset=\"data:image\/svg+xml,%3Csvg%20xmlns%3D%22http%3A%2F%2Fwww.w3.org%2F2000%2Fsvg%22%20viewBox%3D%220%200%20150%20150%22%3E%3C%2Fsvg%3E 150w\" sizes=\"(max-width: 150px) 100vw, 150px\" data-srcset=\"https:\/\/visitrauland.com\/raulandsakademiet\/wp-content\/uploads\/sites\/32\/2018\/01\/lasere-gr\u00f8nt-fat-komp-150x150.jpg 150w, https:\/\/visitrauland.com\/raulandsakademiet\/wp-content\/uploads\/sites\/32\/2018\/01\/lasere-gr\u00f8nt-fat-komp-300x300.jpg 300w\" data-src=\"https:\/\/visitrauland.com\/raulandsakademiet\/wp-content\/uploads\/sites\/32\/2018\/01\/lasere-gr\u00f8nt-fat-komp-150x150.jpg\"><\/a>\n\t\t\t<\/dt><\/dl>\n\t\t\t\n\t\t<\/div>\n\n<p><strong>Start dato: 24.07.2023<\/strong><br>\n<strong>Slutt dato: 30.07.2023<\/strong><br>\n<strong>Kursnr.: 2365<\/strong><br>\n<strong>L\u00e6rar: Vivian Grieg Teisner<\/strong><\/p>\n<p><strong>P\u00e5meldingsfrist: 12. juni<\/strong><\/p>\n<p><a href=\"https:\/\/visitrauland.com\/raulandsakademiet\/nyttig-info-pa-kurs\/#kursavgift\"><strong>Fellesinformasjon om kursavgift, overnatting og undervisningstid<\/strong><\/a><\/p>\n<p><a href=\"https:\/\/visitrauland.com\/raulandsakademiet\/nyttig-info-pa-kurs\/#rabatt\"><strong>Les korleis du kan f\u00e5 10% rabatt!<\/strong><\/a><\/p>\n<a class=\"x-btn x-btn-square x-btn-regular\" href=\"\/raulandsakademiet\/kurspaamelding\/\" data-options=\"thumbnail: ''\">P\u00e5melding<\/a>\n<p>Kurset h\u00f8ver for deg som har pr\u00f8va litt lasering og rosem\u00e5ling, men&nbsp;det er og plass for nybyrjarar. Felles- og individuell undervisning hvor&nbsp;hovudvekta ligg p\u00e5 praktisk \u00f8vingar.&nbsp;Det brukes hovedsakelig oljefargar, med muligheter for akrylfarger hvis man \u00f8nsker det. Laseringteknikken blir gjennomg\u00e5tt i teori og praksis og kurset inneheld teori om oppbygging og linjef\u00f8ring i ei telemarksrose. (, men hovudvekta ligg p\u00e5 praktisk \u00f8vingar.) Vivian Grieg Teisner har mastergrad i tradisjonskunst fr\u00e5 HIT, Rauland, og er kjend for \u00e5 pr\u00f8ve nytt innan rosem\u00e5lingskunsten.<\/p>\n<p><a href=\"https:\/\/plnty.no\/2019\/08\/er-rosemalingen-dod-se-den-flyr\/\">Artikkel i PLNTY om rosemaling.<\/a><\/p>\n<h5>Kursplan:<\/h5>\n<p><strong><u>M\u00e5l:<\/u><\/strong>P\u00e5 kurset l\u00e6rer du korleis du kan nytte laseringsteknikken saman med rosem\u00e5ling. P\u00e5 dette kurset skal vi se hvordan form og farge kan brukes i oppbyggingen av m\u00f8nstre i rosemaling. Det legges stor vekt p\u00e5 pensel- og linjef\u00f8ring. Vi lar oss inspirere av nye og gamle m\u00f8nstre.<\/p>\n<p><strong><u>Ant. timar med l\u00e6rar<\/u><\/strong> 40<\/p>\n<p><strong><u>Spesielle krav:<\/u><\/strong> Du kan bli med p\u00e5 kurset sj\u00f8lv om du ikkje har erfaring med rosem\u00e5ling fr\u00e5 f\u00f8r.<\/p>\n<h5>Studiematriell:<\/h5>\n<p>Noen materialer kan kj\u00f8pes p\u00e5 kurset:<\/p>\n<p><strong>Du treng:<\/strong><\/p>\n<p>Oljefarger, helst kunstnerkvalitet i f\u00f8lgende farger:<\/p>\n<p>Titan hvit, lys og m\u00f8rk gul kadmium, gul oker, lys r\u00f8d kadmium, (engelsk r\u00f8d) preusser bl\u00e5, evt. ultramarin og sort, brent sienna, brent eller r\u00e5 umbra.<\/p>\n<p><strong>Pensler:<\/strong><\/p>\n<p>&#8211; Flate m\u00e5rh\u00e5r eller syntetiske pensler, str. 4, 6, evt. str. 8 for st\u00f8rre motiv.<\/p>\n<p>&#8211; Rund konturpensel, lang bust, helst syntetisk bust, str. 2 eller 4.<\/p>\n<p><strong>Annet utstyr:<\/strong><\/p>\n<p>&#8211; Kokt \/ bleket linolje<\/p>\n<p>&#8211; Palett<\/p>\n<p>&#8211; Pensel rens, for eksempel lampeolje<\/p>\n<p>&#8211; Filler, t\u00f8rkerull, matpapir, blyant, viskel\u00e6r, tegneblokk, svamp, pensler til grunning og lasering, (fordriver), vaselin, maskeringstape,<\/p>\n<p>&#8211; sandpapir (120)<\/p>\n<p>&#8211; Gjenstander \u00e5 male p\u00e5 kan v\u00e6re ubehandlet og grunnes p\u00e5 kurset. Ta med egne vannbaserte farger \u00e5 grunne med.<\/p>\n<p>Ta gjerne med servietter, innpakningspapir, kort eller annet som du synes er fine som kan brukes som inspirasjon!<\/p>\n<p><strong>OBS! Du kan og arbeide med akrylmaling p\u00e5 dette kurset.<\/strong><\/p>\n<p><strong><u>Arbeidsform:<\/u><\/strong> fellesundervisning og individuell rettleiing.<\/p>\n<p><strong><u>Vi gjer merksam p\u00e5:<\/u><\/strong><\/p>\n<p>\u2022 Gjennom Studieforbundet kultur og tradisjon er dette kurset dekka av Kopinoravtalen, som tillet kopiering fr\u00e5 b\u00f8ker og trykksaker til undervisningsf\u00f8rem\u00e5l.<\/p>\n<p>\u2022 Vi reknar med at deltakar f\u00f8lgjer sikkerhetsinstruksar fr\u00e5 kursarrang\u00f8r og kursl\u00e6rar. Kursdeltakar er ikkje dekka av forsikring fr\u00e5 arrang\u00f8r.<\/p>\n<p><a href=\"https:\/\/visitrauland.com\/raulandsakademiet\/nyttig-info-pa-kurs\/#kursavgift\"><strong>Fellesinformasjon om kursavgift, overnatting og undervisningstid<\/strong><\/a><\/p>\n<p><strong><u>L\u00e6rar:<\/u><\/strong> Vivian Grieg Teisner<\/p>\n<p><strong><u>Tlf.:<\/u><\/strong> 45240394<\/p>\n<p><strong><u>Adresse:<\/u><\/strong> Sognsveien 63, 0851 Oslo<\/p>\n<p><strong><u>E-post:<\/u><\/strong> <a href=\"mailto:viviangteisner@gmail.com\"> viviangteisner@gmail.com<\/a><\/p>\n<p><a href=\"https:\/\/visitrauland.com\/raulandsakademiet\/wp-content\/uploads\/sites\/32\/2017\/12\/lasering-rosemaling-01-900.jpg\" data-rel=\"lightbox-image-6\" data-rl_title data-rl_caption title>&nbsp;<\/a><\/p>\n","protected":false},"excerpt":{"rendered":"<p>Start dato: 24.07.2023 Slutt dato: 30.07.2023 Kursnr.: 2365 L\u00e6rar: Vivian Grieg Teisner P\u00e5meldingsfrist: 12. juni Fellesinformasjon om kursavgift, overnatting og undervisningstid Les korleis du kan f\u00e5 10% rabatt! Kurset h\u00f8ver for deg som har pr\u00f8va litt lasering og rosem\u00e5ling, men\u00a0det er og plass for nybyrjarar. Felles- og individuell undervisning hvor\u00a0hovudvekta ligg p\u00e5 praktisk \u00f8vingar.\u00a0Det brukes hovedsakelig oljefargar, med muligheter for &#8230; <\/p>\n<div><a href=\"https:\/\/visitrauland.com\/raulandsakademiet\/kurs\/lasering-og-rosemaling\/\" class=\"more-link\">Les Mer<\/a><\/div>\n","protected":false},"author":1,"featured_media":2650,"comment_status":"closed","ping_status":"closed","template":"","tags":[],"mec_category":[26,80,37],"class_list":["post-2063","mec-events","type-mec-events","status-publish","has-post-thumbnail","hentry","mec_category-handverk","mec_category-div","mec_category-maling"],"yoast_head":"<!-- This site is optimized with the Yoast SEO plugin v27.5 - https:\/\/yoast.com\/product\/yoast-seo-wordpress\/ -->\n<title>Rosemaling, dekorative teknikkar. - Raulandsakademiet<\/title>\n<meta name=\"robots\" content=\"index, follow, max-snippet:-1, max-image-preview:large, max-video-preview:-1\" \/>\n<link rel=\"canonical\" href=\"https:\/\/visitrauland.com\/raulandsakademiet\/kurs\/lasering-og-rosemaling\/\" \/>\n<meta property=\"og:locale\" content=\"nb_NO\" \/>\n<meta property=\"og:type\" content=\"article\" \/>\n<meta property=\"og:title\" content=\"Rosemaling, dekorative teknikkar. - Raulandsakademiet\" \/>\n<meta property=\"og:description\" content=\"Start dato: 24.07.2023 Slutt dato: 30.07.2023 Kursnr.: 2365 L\u00e6rar: Vivian Grieg Teisner P\u00e5meldingsfrist: 12. juni Fellesinformasjon om kursavgift, overnatting og undervisningstid Les korleis du kan f\u00e5 10% rabatt! Kurset h\u00f8ver for deg som har pr\u00f8va litt lasering og rosem\u00e5ling, men\u00a0det er og plass for nybyrjarar. Felles- og individuell undervisning hvor\u00a0hovudvekta ligg p\u00e5 praktisk \u00f8vingar.\u00a0Det brukes hovedsakelig oljefargar, med muligheter for ... Les Mer\" \/>\n<meta property=\"og:url\" content=\"https:\/\/visitrauland.com\/raulandsakademiet\/kurs\/lasering-og-rosemaling\/\" \/>\n<meta property=\"og:site_name\" content=\"Raulandsakademiet\" \/>\n<meta property=\"article:modified_time\" content=\"2022-12-12T12:40:48+00:00\" \/>\n<meta property=\"og:image\" content=\"https:\/\/visitrauland.com\/raulandsakademiet\/wp-content\/uploads\/sites\/32\/2018\/01\/detalj-vivian-grieg-teisner-liggande-.jpg\" \/>\n\t<meta property=\"og:image:width\" content=\"1167\" \/>\n\t<meta property=\"og:image:height\" content=\"821\" \/>\n\t<meta property=\"og:image:type\" content=\"image\/jpeg\" \/>\n<meta name=\"twitter:card\" content=\"summary_large_image\" \/>\n<meta name=\"twitter:label1\" content=\"Ansl. lesetid\" \/>\n\t<meta name=\"twitter:data1\" content=\"2 minutter\" \/>\n<script type=\"application\/ld+json\" class=\"yoast-schema-graph\">{\"@context\":\"https:\\\/\\\/schema.org\",\"@graph\":[{\"@type\":\"WebPage\",\"@id\":\"https:\\\/\\\/visitrauland.com\\\/raulandsakademiet\\\/kurs\\\/lasering-og-rosemaling\\\/\",\"url\":\"https:\\\/\\\/visitrauland.com\\\/raulandsakademiet\\\/kurs\\\/lasering-og-rosemaling\\\/\",\"name\":\"Rosemaling, dekorative teknikkar. - Raulandsakademiet\",\"isPartOf\":{\"@id\":\"https:\\\/\\\/visitrauland.com\\\/raulandsakademiet\\\/#website\"},\"primaryImageOfPage\":{\"@id\":\"https:\\\/\\\/visitrauland.com\\\/raulandsakademiet\\\/kurs\\\/lasering-og-rosemaling\\\/#primaryimage\"},\"image\":{\"@id\":\"https:\\\/\\\/visitrauland.com\\\/raulandsakademiet\\\/kurs\\\/lasering-og-rosemaling\\\/#primaryimage\"},\"thumbnailUrl\":\"https:\\\/\\\/visitrauland.com\\\/raulandsakademiet\\\/wp-content\\\/uploads\\\/sites\\\/32\\\/2018\\\/01\\\/detalj-vivian-grieg-teisner-liggande-.jpg\",\"datePublished\":\"2018-01-04T13:11:33+00:00\",\"dateModified\":\"2022-12-12T12:40:48+00:00\",\"breadcrumb\":{\"@id\":\"https:\\\/\\\/visitrauland.com\\\/raulandsakademiet\\\/kurs\\\/lasering-og-rosemaling\\\/#breadcrumb\"},\"inLanguage\":\"nb-NO\",\"potentialAction\":[{\"@type\":\"ReadAction\",\"target\":[\"https:\\\/\\\/visitrauland.com\\\/raulandsakademiet\\\/kurs\\\/lasering-og-rosemaling\\\/\"]}]},{\"@type\":\"ImageObject\",\"inLanguage\":\"nb-NO\",\"@id\":\"https:\\\/\\\/visitrauland.com\\\/raulandsakademiet\\\/kurs\\\/lasering-og-rosemaling\\\/#primaryimage\",\"url\":\"https:\\\/\\\/visitrauland.com\\\/raulandsakademiet\\\/wp-content\\\/uploads\\\/sites\\\/32\\\/2018\\\/01\\\/detalj-vivian-grieg-teisner-liggande-.jpg\",\"contentUrl\":\"https:\\\/\\\/visitrauland.com\\\/raulandsakademiet\\\/wp-content\\\/uploads\\\/sites\\\/32\\\/2018\\\/01\\\/detalj-vivian-grieg-teisner-liggande-.jpg\",\"width\":1167,\"height\":821,\"caption\":\"Abstrakt kunstverk med lyse farger og kurvede linjer.\"},{\"@type\":\"BreadcrumbList\",\"@id\":\"https:\\\/\\\/visitrauland.com\\\/raulandsakademiet\\\/kurs\\\/lasering-og-rosemaling\\\/#breadcrumb\",\"itemListElement\":[{\"@type\":\"ListItem\",\"position\":1,\"name\":\"Hjem\",\"item\":\"https:\\\/\\\/visitrauland.com\\\/raulandsakademiet\\\/\"},{\"@type\":\"ListItem\",\"position\":2,\"name\":\"Arrangementer\",\"item\":\"https:\\\/\\\/visitrauland.com\\\/raulandsakademiet\\\/kurs\\\/\"},{\"@type\":\"ListItem\",\"position\":3,\"name\":\"Rosemaling, dekorative teknikkar.\"}]},{\"@type\":\"WebSite\",\"@id\":\"https:\\\/\\\/visitrauland.com\\\/raulandsakademiet\\\/#website\",\"url\":\"https:\\\/\\\/visitrauland.com\\\/raulandsakademiet\\\/\",\"name\":\"Raulandsakademiet\",\"description\":\"Overnatting - Kurs - Opplevelser\",\"potentialAction\":[{\"@type\":\"SearchAction\",\"target\":{\"@type\":\"EntryPoint\",\"urlTemplate\":\"https:\\\/\\\/visitrauland.com\\\/raulandsakademiet\\\/?s={search_term_string}\"},\"query-input\":{\"@type\":\"PropertyValueSpecification\",\"valueRequired\":true,\"valueName\":\"search_term_string\"}}],\"inLanguage\":\"nb-NO\"}]}<\/script>\n<!-- \/ Yoast SEO plugin. -->","yoast_head_json":{"title":"Rosemaling, dekorative teknikkar. - Raulandsakademiet","robots":{"index":"index","follow":"follow","max-snippet":"max-snippet:-1","max-image-preview":"max-image-preview:large","max-video-preview":"max-video-preview:-1"},"canonical":"https:\/\/visitrauland.com\/raulandsakademiet\/kurs\/lasering-og-rosemaling\/","og_locale":"nb_NO","og_type":"article","og_title":"Rosemaling, dekorative teknikkar. - Raulandsakademiet","og_description":"Start dato: 24.07.2023 Slutt dato: 30.07.2023 Kursnr.: 2365 L\u00e6rar: Vivian Grieg Teisner P\u00e5meldingsfrist: 12. juni Fellesinformasjon om kursavgift, overnatting og undervisningstid Les korleis du kan f\u00e5 10% rabatt! Kurset h\u00f8ver for deg som har pr\u00f8va litt lasering og rosem\u00e5ling, men\u00a0det er og plass for nybyrjarar. Felles- og individuell undervisning hvor\u00a0hovudvekta ligg p\u00e5 praktisk \u00f8vingar.\u00a0Det brukes hovedsakelig oljefargar, med muligheter for ... Les Mer","og_url":"https:\/\/visitrauland.com\/raulandsakademiet\/kurs\/lasering-og-rosemaling\/","og_site_name":"Raulandsakademiet","article_modified_time":"2022-12-12T12:40:48+00:00","og_image":[{"width":1167,"height":821,"url":"https:\/\/visitrauland.com\/raulandsakademiet\/wp-content\/uploads\/sites\/32\/2018\/01\/detalj-vivian-grieg-teisner-liggande-.jpg","type":"image\/jpeg"}],"twitter_card":"summary_large_image","twitter_misc":{"Ansl. lesetid":"2 minutter"},"schema":{"@context":"https:\/\/schema.org","@graph":[{"@type":"WebPage","@id":"https:\/\/visitrauland.com\/raulandsakademiet\/kurs\/lasering-og-rosemaling\/","url":"https:\/\/visitrauland.com\/raulandsakademiet\/kurs\/lasering-og-rosemaling\/","name":"Rosemaling, dekorative teknikkar. - Raulandsakademiet","isPartOf":{"@id":"https:\/\/visitrauland.com\/raulandsakademiet\/#website"},"primaryImageOfPage":{"@id":"https:\/\/visitrauland.com\/raulandsakademiet\/kurs\/lasering-og-rosemaling\/#primaryimage"},"image":{"@id":"https:\/\/visitrauland.com\/raulandsakademiet\/kurs\/lasering-og-rosemaling\/#primaryimage"},"thumbnailUrl":"https:\/\/visitrauland.com\/raulandsakademiet\/wp-content\/uploads\/sites\/32\/2018\/01\/detalj-vivian-grieg-teisner-liggande-.jpg","datePublished":"2018-01-04T13:11:33+00:00","dateModified":"2022-12-12T12:40:48+00:00","breadcrumb":{"@id":"https:\/\/visitrauland.com\/raulandsakademiet\/kurs\/lasering-og-rosemaling\/#breadcrumb"},"inLanguage":"nb-NO","potentialAction":[{"@type":"ReadAction","target":["https:\/\/visitrauland.com\/raulandsakademiet\/kurs\/lasering-og-rosemaling\/"]}]},{"@type":"ImageObject","inLanguage":"nb-NO","@id":"https:\/\/visitrauland.com\/raulandsakademiet\/kurs\/lasering-og-rosemaling\/#primaryimage","url":"https:\/\/visitrauland.com\/raulandsakademiet\/wp-content\/uploads\/sites\/32\/2018\/01\/detalj-vivian-grieg-teisner-liggande-.jpg","contentUrl":"https:\/\/visitrauland.com\/raulandsakademiet\/wp-content\/uploads\/sites\/32\/2018\/01\/detalj-vivian-grieg-teisner-liggande-.jpg","width":1167,"height":821,"caption":"Abstrakt kunstverk med lyse farger og kurvede linjer."},{"@type":"BreadcrumbList","@id":"https:\/\/visitrauland.com\/raulandsakademiet\/kurs\/lasering-og-rosemaling\/#breadcrumb","itemListElement":[{"@type":"ListItem","position":1,"name":"Hjem","item":"https:\/\/visitrauland.com\/raulandsakademiet\/"},{"@type":"ListItem","position":2,"name":"Arrangementer","item":"https:\/\/visitrauland.com\/raulandsakademiet\/kurs\/"},{"@type":"ListItem","position":3,"name":"Rosemaling, dekorative teknikkar."}]},{"@type":"WebSite","@id":"https:\/\/visitrauland.com\/raulandsakademiet\/#website","url":"https:\/\/visitrauland.com\/raulandsakademiet\/","name":"Raulandsakademiet","description":"Overnatting - Kurs - Opplevelser","potentialAction":[{"@type":"SearchAction","target":{"@type":"EntryPoint","urlTemplate":"https:\/\/visitrauland.com\/raulandsakademiet\/?s={search_term_string}"},"query-input":{"@type":"PropertyValueSpecification","valueRequired":true,"valueName":"search_term_string"}}],"inLanguage":"nb-NO"}]}},"publishpress_future_workflow_manual_trigger":{"enabledWorkflows":[]},"_links":{"self":[{"href":"https:\/\/visitrauland.com\/raulandsakademiet\/wp-json\/wp\/v2\/mec-events\/2063","targetHints":{"allow":["GET"]}}],"collection":[{"href":"https:\/\/visitrauland.com\/raulandsakademiet\/wp-json\/wp\/v2\/mec-events"}],"about":[{"href":"https:\/\/visitrauland.com\/raulandsakademiet\/wp-json\/wp\/v2\/types\/mec-events"}],"author":[{"embeddable":true,"href":"https:\/\/visitrauland.com\/raulandsakademiet\/wp-json\/wp\/v2\/users\/1"}],"replies":[{"embeddable":true,"href":"https:\/\/visitrauland.com\/raulandsakademiet\/wp-json\/wp\/v2\/comments?post=2063"}],"wp:featuredmedia":[{"embeddable":true,"href":"https:\/\/visitrauland.com\/raulandsakademiet\/wp-json\/wp\/v2\/media\/2650"}],"wp:attachment":[{"href":"https:\/\/visitrauland.com\/raulandsakademiet\/wp-json\/wp\/v2\/media?parent=2063"}],"wp:term":[{"taxonomy":"post_tag","embeddable":true,"href":"https:\/\/visitrauland.com\/raulandsakademiet\/wp-json\/wp\/v2\/tags?post=2063"},{"taxonomy":"mec_category","embeddable":true,"href":"https:\/\/visitrauland.com\/raulandsakademiet\/wp-json\/wp\/v2\/mec_category?post=2063"}],"curies":[{"name":"wp","href":"https:\/\/api.w.org\/{rel}","templated":true}]}}