{"id":2622,"date":"2025-06-05T17:55:44","date_gmt":"2025-06-05T15:55:44","guid":{"rendered":"https:\/\/visitrauland.com\/raulandhistorielag\/?post_type=mec-events&#038;p=2622"},"modified":"2025-06-07T13:01:12","modified_gmt":"2025-06-07T11:01:12","slug":"boklansering-og-utstillingsopning-gamle-hus-i-rauland","status":"publish","type":"mec-events","link":"https:\/\/visitrauland.com\/raulandhistorielag\/events\/boklansering-og-utstillingsopning-gamle-hus-i-rauland\/","title":{"rendered":"Boklansering og utstillingsopning: Gamle hus i Rauland"},"content":{"rendered":"<p>Saman med <a href=\"https:\/\/www.visittelemark.no\/vest-telemark-museuminformasjon\/produkt\/dyre-vaa-samlingane-i-rauland-p530793\">Dyre Vaa samlingane\/ Vest Telemark Museum<\/a> inviterer Rauland Historielag til utstillingsopning og nylansering av Torbj\u00f8rn Egners <em>Gamle hus i Rauland.\u00a0<\/em><\/p>\n<p>Utstilllinga er todelt, med materiale utl\u00e5nt fr\u00e5 Egner familen. Ein delen er origalteikningar med motiv fr\u00e5 Rauland som ikkje er ein del av boka. Det er ogs\u00e5 to store tabl\u00e5 med som femner motiva fr\u00e5 bokutgjevinga.<\/p>\n<p>Prosjektet er eit fellesprosjekt mellom Rauland Historielag og N\u00e6rstyret Dyre Vaa samlingane<\/p>\n<p><em>Gamle hus i Rauland\u00a0<\/em> vart gjeve ut i 1945 og i 1970. Egnerfamilien har no gjeve rettane til boka til Rauland Historielag som gjev i \u00e5r gjev ut eit tredje opplag av boka, eit nytrykk av utgjevinga fr\u00e5 1970.<\/p>\n<h4>Med sykkel, tusjpenn og teiknesblokkar<\/h4>\n<p>Den folkekj\u00e6re forfattaren og teiknaren var opptatt av bygdekunst. Etter \u00e5 ha sykla til og rundt i V\u00e5g\u00e5 med tusjpenn og teikneblokkar gav han i\u00a0 ut\u00a0 1943<em> Gamle Hus i V\u00e5g\u00e5. I <\/em>1945 kom <em>Gamle hus i Rauland\u00a0<\/em>etter familieferie p\u00e5 Rauland. Medan familien tilbragte fine dagar p\u00e5 Rauland Fjellstoge tok igjen Egner sykkelen fatt og tok med seg tusjpennar og teineblokkar\u00a0 omkring i store delar av Rauland og nabobygdene Han oppsummerer sommaren i\u00a0 sj\u00f8vbiografien <em>Et selvportrett<\/em>:<\/p>\n<p>&laquo;Jeg opps\u00f8kte de gamle fine gardsanleggene i grenda V\u00e5, hvor Dyre V\u00e5 bodde i sin tid, og if\u00f8lge sagnet rodde trollet over Totak p\u00e5 sj\u00f8lveste julekvelden. Jeg var videre innover til Arabygdi, hvor Myllarguten bodde det meste av sitt liv, jeg tegnet de gamle husene p\u00e5 Kosi og \u00d8ygarden, og overnattet i h\u00f8yet p\u00e5 garden til Myllarguten.<\/p>\n<p>Jeg var ogs\u00e5 s\u00e5 heldig \u00e5 f\u00e5 v\u00e6re med Sven Postmann p\u00e5 en av hans ukentlige to-dagers posttur med rob\u00e5t innover til de ensomme gardene p\u00e5 nordsiden av M\u00f8svatn, og m\u00f8tte en enest\u00e5ende gjestfrihet. Som jeg skriver i boken: \u00abKommer det fremmede til gards p\u00e5 M\u00f8sstrand, blir det dekket opp med det beste, med r\u00f8mme, ost, flatbr\u00f8d og sm\u00f8r og melk. P\u00e5 den innerste av gardene, hvor jeg overnattet og fikk alt godt \u00e5 spise, ville jeg gjerne betale litt for meg. \u00abNei. nei,\u00bb sa kona p\u00e5 garden, \u00ab me hev ikkje pensjonat\u00bb.\u2028&raquo;<\/p>\n<h4>Program<\/h4>\n<p>P\u00e5 opninga blir det helsing fr\u00e5 familen Egner, ved Bj\u00f8rn Egner, son av Thorbj\u00f8rn Egner og spel av Stein Versto. Meir informasjon om programmet kjem.<\/p>\n<p>Utstiilingsopninga er gratis.<\/p>\n<p>&nbsp;<\/p>\n<p>&nbsp;<\/p>\n<p>&nbsp;<\/p>\n","protected":false},"excerpt":{"rendered":"<p>Saman med Dyre Vaa samlingane\/ Vest Telemark Museum inviterer Rauland Historielag til utstillingsopning og nylansering av Torbj\u00f8rn Egners Gamle hus i Rauland.\u00a0 Utstilllinga er todelt, med materiale utl\u00e5nt fr\u00e5 Egner familen. Ein delen er origalteikningar med motiv fr\u00e5 Rauland som ikkje er ein del av boka. Det er ogs\u00e5 to store tabl\u00e5 med som femner motiva fr\u00e5 bokutgjevinga. Prosjektet er &#8230; <\/p>\n<div><a href=\"https:\/\/visitrauland.com\/raulandhistorielag\/events\/boklansering-og-utstillingsopning-gamle-hus-i-rauland\/\" class=\"more-link\">Les Mer<\/a><\/div>\n","protected":false},"author":29,"featured_media":2627,"comment_status":"closed","ping_status":"closed","template":"","tags":[],"mec_category":[25,23,21],"class_list":["post-2622","mec-events","type-mec-events","status-publish","has-post-thumbnail","hentry","mec_category-andre-aktivitetar","mec_category-arrangement","mec_category-events"],"yoast_head":"<!-- This site is optimized with the Yoast SEO plugin v27.5 - https:\/\/yoast.com\/product\/yoast-seo-wordpress\/ -->\n<title>Boklansering og utstillingsopning: Gamle hus i Rauland - Rauland Historielag<\/title>\n<meta name=\"robots\" content=\"index, follow, max-snippet:-1, max-image-preview:large, max-video-preview:-1\" \/>\n<link rel=\"canonical\" href=\"https:\/\/visitrauland.com\/raulandhistorielag\/events\/boklansering-og-utstillingsopning-gamle-hus-i-rauland\/\" \/>\n<meta property=\"og:locale\" content=\"nb_NO\" \/>\n<meta property=\"og:type\" content=\"article\" \/>\n<meta property=\"og:title\" content=\"Boklansering og utstillingsopning: Gamle hus i Rauland - Rauland Historielag\" \/>\n<meta property=\"og:description\" content=\"Saman med Dyre Vaa samlingane\/ Vest Telemark Museum inviterer Rauland Historielag til utstillingsopning og nylansering av Torbj\u00f8rn Egners Gamle hus i Rauland.\u00a0 Utstilllinga er todelt, med materiale utl\u00e5nt fr\u00e5 Egner familen. Ein delen er origalteikningar med motiv fr\u00e5 Rauland som ikkje er ein del av boka. Det er ogs\u00e5 to store tabl\u00e5 med som femner motiva fr\u00e5 bokutgjevinga. Prosjektet er ... Les Mer\" \/>\n<meta property=\"og:url\" content=\"https:\/\/visitrauland.com\/raulandhistorielag\/events\/boklansering-og-utstillingsopning-gamle-hus-i-rauland\/\" \/>\n<meta property=\"og:site_name\" content=\"Rauland Historielag\" \/>\n<meta property=\"article:modified_time\" content=\"2025-06-07T11:01:12+00:00\" \/>\n<meta property=\"og:image\" content=\"https:\/\/visitrauland.com\/raulandhistorielag\/wp-content\/uploads\/sites\/113\/2025\/06\/Ner-Mo_in_Rauland_1749138669.jpg\" \/>\n\t<meta property=\"og:image:width\" content=\"478\" \/>\n\t<meta property=\"og:image:height\" content=\"340\" \/>\n\t<meta property=\"og:image:type\" content=\"image\/jpeg\" \/>\n<meta name=\"twitter:card\" content=\"summary_large_image\" \/>\n<meta name=\"twitter:label1\" content=\"Ansl. lesetid\" \/>\n\t<meta name=\"twitter:data1\" content=\"3 minutter\" \/>\n<script type=\"application\/ld+json\" class=\"yoast-schema-graph\">{\"@context\":\"https:\\\/\\\/schema.org\",\"@graph\":[{\"@type\":\"WebPage\",\"@id\":\"https:\\\/\\\/visitrauland.com\\\/raulandhistorielag\\\/events\\\/boklansering-og-utstillingsopning-gamle-hus-i-rauland\\\/\",\"url\":\"https:\\\/\\\/visitrauland.com\\\/raulandhistorielag\\\/events\\\/boklansering-og-utstillingsopning-gamle-hus-i-rauland\\\/\",\"name\":\"Boklansering og utstillingsopning: Gamle hus i Rauland - Rauland Historielag\",\"isPartOf\":{\"@id\":\"https:\\\/\\\/visitrauland.com\\\/raulandhistorielag\\\/#website\"},\"primaryImageOfPage\":{\"@id\":\"https:\\\/\\\/visitrauland.com\\\/raulandhistorielag\\\/events\\\/boklansering-og-utstillingsopning-gamle-hus-i-rauland\\\/#primaryimage\"},\"image\":{\"@id\":\"https:\\\/\\\/visitrauland.com\\\/raulandhistorielag\\\/events\\\/boklansering-og-utstillingsopning-gamle-hus-i-rauland\\\/#primaryimage\"},\"thumbnailUrl\":\"https:\\\/\\\/visitrauland.com\\\/raulandhistorielag\\\/wp-content\\\/uploads\\\/sites\\\/113\\\/2025\\\/06\\\/Ner-Mo_in_Rauland_1749138669.jpg\",\"datePublished\":\"2025-06-05T15:55:44+00:00\",\"dateModified\":\"2025-06-07T11:01:12+00:00\",\"breadcrumb\":{\"@id\":\"https:\\\/\\\/visitrauland.com\\\/raulandhistorielag\\\/events\\\/boklansering-og-utstillingsopning-gamle-hus-i-rauland\\\/#breadcrumb\"},\"inLanguage\":\"nb-NO\",\"potentialAction\":[{\"@type\":\"ReadAction\",\"target\":[\"https:\\\/\\\/visitrauland.com\\\/raulandhistorielag\\\/events\\\/boklansering-og-utstillingsopning-gamle-hus-i-rauland\\\/\"]}]},{\"@type\":\"ImageObject\",\"inLanguage\":\"nb-NO\",\"@id\":\"https:\\\/\\\/visitrauland.com\\\/raulandhistorielag\\\/events\\\/boklansering-og-utstillingsopning-gamle-hus-i-rauland\\\/#primaryimage\",\"url\":\"https:\\\/\\\/visitrauland.com\\\/raulandhistorielag\\\/wp-content\\\/uploads\\\/sites\\\/113\\\/2025\\\/06\\\/Ner-Mo_in_Rauland_1749138669.jpg\",\"contentUrl\":\"https:\\\/\\\/visitrauland.com\\\/raulandhistorielag\\\/wp-content\\\/uploads\\\/sites\\\/113\\\/2025\\\/06\\\/Ner-Mo_in_Rauland_1749138669.jpg\",\"width\":478,\"height\":340,\"caption\":\"Fr\u00e5 Gamle hus i Rauland\"},{\"@type\":\"BreadcrumbList\",\"@id\":\"https:\\\/\\\/visitrauland.com\\\/raulandhistorielag\\\/events\\\/boklansering-og-utstillingsopning-gamle-hus-i-rauland\\\/#breadcrumb\",\"itemListElement\":[{\"@type\":\"ListItem\",\"position\":1,\"name\":\"Hjem\",\"item\":\"https:\\\/\\\/visitrauland.com\\\/raulandhistorielag\\\/\"},{\"@type\":\"ListItem\",\"position\":2,\"name\":\"Arrangementer\",\"item\":\"https:\\\/\\\/visitrauland.com\\\/raulandhistorielag\\\/events\\\/\"},{\"@type\":\"ListItem\",\"position\":3,\"name\":\"Boklansering og utstillingsopning: Gamle hus i Rauland\"}]},{\"@type\":\"WebSite\",\"@id\":\"https:\\\/\\\/visitrauland.com\\\/raulandhistorielag\\\/#website\",\"url\":\"https:\\\/\\\/visitrauland.com\\\/raulandhistorielag\\\/\",\"name\":\"Rauland Historielag\",\"description\":\"Slagord\",\"potentialAction\":[{\"@type\":\"SearchAction\",\"target\":{\"@type\":\"EntryPoint\",\"urlTemplate\":\"https:\\\/\\\/visitrauland.com\\\/raulandhistorielag\\\/?s={search_term_string}\"},\"query-input\":{\"@type\":\"PropertyValueSpecification\",\"valueRequired\":true,\"valueName\":\"search_term_string\"}}],\"inLanguage\":\"nb-NO\"}]}<\/script>\n<!-- \/ Yoast SEO plugin. -->","yoast_head_json":{"title":"Boklansering og utstillingsopning: Gamle hus i Rauland - Rauland Historielag","robots":{"index":"index","follow":"follow","max-snippet":"max-snippet:-1","max-image-preview":"max-image-preview:large","max-video-preview":"max-video-preview:-1"},"canonical":"https:\/\/visitrauland.com\/raulandhistorielag\/events\/boklansering-og-utstillingsopning-gamle-hus-i-rauland\/","og_locale":"nb_NO","og_type":"article","og_title":"Boklansering og utstillingsopning: Gamle hus i Rauland - Rauland Historielag","og_description":"Saman med Dyre Vaa samlingane\/ Vest Telemark Museum inviterer Rauland Historielag til utstillingsopning og nylansering av Torbj\u00f8rn Egners Gamle hus i Rauland.\u00a0 Utstilllinga er todelt, med materiale utl\u00e5nt fr\u00e5 Egner familen. Ein delen er origalteikningar med motiv fr\u00e5 Rauland som ikkje er ein del av boka. Det er ogs\u00e5 to store tabl\u00e5 med som femner motiva fr\u00e5 bokutgjevinga. Prosjektet er ... Les Mer","og_url":"https:\/\/visitrauland.com\/raulandhistorielag\/events\/boklansering-og-utstillingsopning-gamle-hus-i-rauland\/","og_site_name":"Rauland Historielag","article_modified_time":"2025-06-07T11:01:12+00:00","og_image":[{"width":478,"height":340,"url":"https:\/\/visitrauland.com\/raulandhistorielag\/wp-content\/uploads\/sites\/113\/2025\/06\/Ner-Mo_in_Rauland_1749138669.jpg","type":"image\/jpeg"}],"twitter_card":"summary_large_image","twitter_misc":{"Ansl. lesetid":"3 minutter"},"schema":{"@context":"https:\/\/schema.org","@graph":[{"@type":"WebPage","@id":"https:\/\/visitrauland.com\/raulandhistorielag\/events\/boklansering-og-utstillingsopning-gamle-hus-i-rauland\/","url":"https:\/\/visitrauland.com\/raulandhistorielag\/events\/boklansering-og-utstillingsopning-gamle-hus-i-rauland\/","name":"Boklansering og utstillingsopning: Gamle hus i Rauland - Rauland Historielag","isPartOf":{"@id":"https:\/\/visitrauland.com\/raulandhistorielag\/#website"},"primaryImageOfPage":{"@id":"https:\/\/visitrauland.com\/raulandhistorielag\/events\/boklansering-og-utstillingsopning-gamle-hus-i-rauland\/#primaryimage"},"image":{"@id":"https:\/\/visitrauland.com\/raulandhistorielag\/events\/boklansering-og-utstillingsopning-gamle-hus-i-rauland\/#primaryimage"},"thumbnailUrl":"https:\/\/visitrauland.com\/raulandhistorielag\/wp-content\/uploads\/sites\/113\/2025\/06\/Ner-Mo_in_Rauland_1749138669.jpg","datePublished":"2025-06-05T15:55:44+00:00","dateModified":"2025-06-07T11:01:12+00:00","breadcrumb":{"@id":"https:\/\/visitrauland.com\/raulandhistorielag\/events\/boklansering-og-utstillingsopning-gamle-hus-i-rauland\/#breadcrumb"},"inLanguage":"nb-NO","potentialAction":[{"@type":"ReadAction","target":["https:\/\/visitrauland.com\/raulandhistorielag\/events\/boklansering-og-utstillingsopning-gamle-hus-i-rauland\/"]}]},{"@type":"ImageObject","inLanguage":"nb-NO","@id":"https:\/\/visitrauland.com\/raulandhistorielag\/events\/boklansering-og-utstillingsopning-gamle-hus-i-rauland\/#primaryimage","url":"https:\/\/visitrauland.com\/raulandhistorielag\/wp-content\/uploads\/sites\/113\/2025\/06\/Ner-Mo_in_Rauland_1749138669.jpg","contentUrl":"https:\/\/visitrauland.com\/raulandhistorielag\/wp-content\/uploads\/sites\/113\/2025\/06\/Ner-Mo_in_Rauland_1749138669.jpg","width":478,"height":340,"caption":"Fr\u00e5 Gamle hus i Rauland"},{"@type":"BreadcrumbList","@id":"https:\/\/visitrauland.com\/raulandhistorielag\/events\/boklansering-og-utstillingsopning-gamle-hus-i-rauland\/#breadcrumb","itemListElement":[{"@type":"ListItem","position":1,"name":"Hjem","item":"https:\/\/visitrauland.com\/raulandhistorielag\/"},{"@type":"ListItem","position":2,"name":"Arrangementer","item":"https:\/\/visitrauland.com\/raulandhistorielag\/events\/"},{"@type":"ListItem","position":3,"name":"Boklansering og utstillingsopning: Gamle hus i Rauland"}]},{"@type":"WebSite","@id":"https:\/\/visitrauland.com\/raulandhistorielag\/#website","url":"https:\/\/visitrauland.com\/raulandhistorielag\/","name":"Rauland Historielag","description":"Slagord","potentialAction":[{"@type":"SearchAction","target":{"@type":"EntryPoint","urlTemplate":"https:\/\/visitrauland.com\/raulandhistorielag\/?s={search_term_string}"},"query-input":{"@type":"PropertyValueSpecification","valueRequired":true,"valueName":"search_term_string"}}],"inLanguage":"nb-NO"}]}},"_links":{"self":[{"href":"https:\/\/visitrauland.com\/raulandhistorielag\/wp-json\/wp\/v2\/mec-events\/2622","targetHints":{"allow":["GET"]}}],"collection":[{"href":"https:\/\/visitrauland.com\/raulandhistorielag\/wp-json\/wp\/v2\/mec-events"}],"about":[{"href":"https:\/\/visitrauland.com\/raulandhistorielag\/wp-json\/wp\/v2\/types\/mec-events"}],"author":[{"embeddable":true,"href":"https:\/\/visitrauland.com\/raulandhistorielag\/wp-json\/wp\/v2\/users\/29"}],"replies":[{"embeddable":true,"href":"https:\/\/visitrauland.com\/raulandhistorielag\/wp-json\/wp\/v2\/comments?post=2622"}],"wp:featuredmedia":[{"embeddable":true,"href":"https:\/\/visitrauland.com\/raulandhistorielag\/wp-json\/wp\/v2\/media\/2627"}],"wp:attachment":[{"href":"https:\/\/visitrauland.com\/raulandhistorielag\/wp-json\/wp\/v2\/media?parent=2622"}],"wp:term":[{"taxonomy":"post_tag","embeddable":true,"href":"https:\/\/visitrauland.com\/raulandhistorielag\/wp-json\/wp\/v2\/tags?post=2622"},{"taxonomy":"mec_category","embeddable":true,"href":"https:\/\/visitrauland.com\/raulandhistorielag\/wp-json\/wp\/v2\/mec_category?post=2622"}],"curies":[{"name":"wp","href":"https:\/\/api.w.org\/{rel}","templated":true}]}}