{"id":10532,"date":"2025-10-24T14:39:29","date_gmt":"2025-10-24T12:39:29","guid":{"rendered":"https:\/\/visitrauland.com\/rauland-skisenter\/?post_type=mec-events&#038;p=10532"},"modified":"2025-12-21T21:54:22","modified_gmt":"2025-12-21T20:54:22","slug":"julelatter-pa-vierli-2","status":"publish","type":"mec-events","link":"https:\/\/visitrauland.com\/rauland-skisenter\/events\/julelatter-pa-vierli-2\/","title":{"rendered":"Julelatter p\u00e5 Vierli\/\/Utsolgt"},"content":{"rendered":"<p><strong>F\u00e5 en forrykende start p\u00e5 julesesongen med Julelatter p\u00e5 Vierli!<\/strong> <\/p>\n\n\n\n<p>Er du klar for en kveld fylt med latter, humor og god stemning? Lena, Jannicke og Ruben er tilbake for \u00e5 s\u00f8rge for at lattermusklene dine f\u00e5r kj\u00f8rt seg skikkelig! Etter et tidlig utsolgt show sist de var p\u00e5 bes\u00f8k, er det ingen tvil om at dette blir en kveld du ikke vil g\u00e5 glipp av!<\/p>\n\n\n\n<p><strong>Dato: 27.12.2025 <br>Tid: Kl 20.00 <br>Sted: Vierli<\/strong> <strong>Kafeteria<\/strong><\/p>\n\n\n\n<p>F\u00e5 ogs\u00e5 med deg romjuls afterski i peisestoga p\u00e5 Vierli fra kl 16.00<\/p>\n\n\n\n<p><strong>Skibussrute<\/strong><\/p>\n\n\n\n<p>Kl 19.30 Fra Holtardalen- Tiur- Heishuset- Vierli<br>Kl 23.00 fra Vierli &#8211; Tiur- Holtardalen- evt sentrum ved behov.<\/p>\n\n\n\n<p>\u00c5rets show er utsolgt!<\/p>\n\n\n\n<figure class=\"wp-block-image size-large\"><noscript><img decoding=\"async\" width=\"1024\" height=\"1024\" src=\"https:\/\/visitrauland.com\/rauland-skisenter\/wp-content\/uploads\/sites\/18\/2025\/10\/Lena-Jannicke-2025_1761309357-1024x1024.jpg\" alt=\"2025 humormusikalsk juleshow plakat med tre smilende personer i festantrekk.\" class=\"wp-image-10528\" srcset=\"https:\/\/visitrauland.com\/rauland-skisenter\/wp-content\/uploads\/sites\/18\/2025\/10\/Lena-Jannicke-2025_1761309357-1024x1024.jpg 1024w, https:\/\/visitrauland.com\/rauland-skisenter\/wp-content\/uploads\/sites\/18\/2025\/10\/Lena-Jannicke-2025_1761309357-300x300.jpg 300w, https:\/\/visitrauland.com\/rauland-skisenter\/wp-content\/uploads\/sites\/18\/2025\/10\/Lena-Jannicke-2025_1761309357-150x150.jpg 150w, https:\/\/visitrauland.com\/rauland-skisenter\/wp-content\/uploads\/sites\/18\/2025\/10\/Lena-Jannicke-2025_1761309357-768x768.jpg 768w, https:\/\/visitrauland.com\/rauland-skisenter\/wp-content\/uploads\/sites\/18\/2025\/10\/Lena-Jannicke-2025_1761309357-500x500.jpg 500w, https:\/\/visitrauland.com\/rauland-skisenter\/wp-content\/uploads\/sites\/18\/2025\/10\/Lena-Jannicke-2025_1761309357-1000x1000.jpg 1000w, https:\/\/visitrauland.com\/rauland-skisenter\/wp-content\/uploads\/sites\/18\/2025\/10\/Lena-Jannicke-2025_1761309357-100x100.jpg 100w, https:\/\/visitrauland.com\/rauland-skisenter\/wp-content\/uploads\/sites\/18\/2025\/10\/Lena-Jannicke-2025_1761309357-862x862.jpg 862w, https:\/\/visitrauland.com\/rauland-skisenter\/wp-content\/uploads\/sites\/18\/2025\/10\/Lena-Jannicke-2025_1761309357-1200x1200.jpg 1200w, https:\/\/visitrauland.com\/rauland-skisenter\/wp-content\/uploads\/sites\/18\/2025\/10\/Lena-Jannicke-2025_1761309357.jpg 1485w\" sizes=\"(max-width: 1024px) 100vw, 1024px\"><\/noscript><img decoding=\"async\" width=\"1024\" height=\"1024\" src=\"data:image\/svg+xml,%3Csvg%20xmlns%3D%22http%3A%2F%2Fwww.w3.org%2F2000%2Fsvg%22%20viewBox%3D%220%200%201024%201024%22%3E%3C%2Fsvg%3E\" alt=\"2025 humormusikalsk juleshow plakat med tre smilende personer i festantrekk.\" class=\"wp-image-10528 lazyload\" srcset=\"data:image\/svg+xml,%3Csvg%20xmlns%3D%22http%3A%2F%2Fwww.w3.org%2F2000%2Fsvg%22%20viewBox%3D%220%200%201024%201024%22%3E%3C%2Fsvg%3E 1024w\" sizes=\"(max-width: 1024px) 100vw, 1024px\" data-srcset=\"https:\/\/visitrauland.com\/rauland-skisenter\/wp-content\/uploads\/sites\/18\/2025\/10\/Lena-Jannicke-2025_1761309357-1024x1024.jpg 1024w, https:\/\/visitrauland.com\/rauland-skisenter\/wp-content\/uploads\/sites\/18\/2025\/10\/Lena-Jannicke-2025_1761309357-300x300.jpg 300w, https:\/\/visitrauland.com\/rauland-skisenter\/wp-content\/uploads\/sites\/18\/2025\/10\/Lena-Jannicke-2025_1761309357-150x150.jpg 150w, https:\/\/visitrauland.com\/rauland-skisenter\/wp-content\/uploads\/sites\/18\/2025\/10\/Lena-Jannicke-2025_1761309357-768x768.jpg 768w, https:\/\/visitrauland.com\/rauland-skisenter\/wp-content\/uploads\/sites\/18\/2025\/10\/Lena-Jannicke-2025_1761309357-500x500.jpg 500w, https:\/\/visitrauland.com\/rauland-skisenter\/wp-content\/uploads\/sites\/18\/2025\/10\/Lena-Jannicke-2025_1761309357-1000x1000.jpg 1000w, https:\/\/visitrauland.com\/rauland-skisenter\/wp-content\/uploads\/sites\/18\/2025\/10\/Lena-Jannicke-2025_1761309357-100x100.jpg 100w, https:\/\/visitrauland.com\/rauland-skisenter\/wp-content\/uploads\/sites\/18\/2025\/10\/Lena-Jannicke-2025_1761309357-862x862.jpg 862w, https:\/\/visitrauland.com\/rauland-skisenter\/wp-content\/uploads\/sites\/18\/2025\/10\/Lena-Jannicke-2025_1761309357-1200x1200.jpg 1200w, https:\/\/visitrauland.com\/rauland-skisenter\/wp-content\/uploads\/sites\/18\/2025\/10\/Lena-Jannicke-2025_1761309357.jpg 1485w\" data-src=\"https:\/\/visitrauland.com\/rauland-skisenter\/wp-content\/uploads\/sites\/18\/2025\/10\/Lena-Jannicke-2025_1761309357-1024x1024.jpg\"><\/figure>\n","protected":false},"excerpt":{"rendered":"<p>F\u00e5 en forrykende start p\u00e5 julesesongen med Julelatter p\u00e5 Vierli! Er du klar for en kveld fylt med latter, humor og god stemning? Lena, Jannicke og Ruben er tilbake for \u00e5 s\u00f8rge for at lattermusklene dine f\u00e5r kj\u00f8rt seg skikkelig! Etter et tidlig utsolgt show sist de var p\u00e5 bes\u00f8k, er det ingen tvil om at dette blir en kveld &#8230; <\/p>\n<div><a href=\"https:\/\/visitrauland.com\/rauland-skisenter\/events\/julelatter-pa-vierli-2\/\" class=\"more-link\">Les Mer<\/a><\/div>\n","protected":false},"author":10,"featured_media":10529,"comment_status":"closed","ping_status":"closed","template":"","tags":[],"mec_category":[26],"class_list":["post-10532","mec-events","type-mec-events","status-publish","has-post-thumbnail","hentry","mec_category-events"],"yoast_head":"<!-- This site is optimized with the Yoast SEO plugin v27.2 - https:\/\/yoast.com\/product\/yoast-seo-wordpress\/ -->\n<title>Julelatter p\u00e5 Vierli\/\/Utsolgt - Rauland Skisenter<\/title>\n<meta name=\"robots\" content=\"index, follow, max-snippet:-1, max-image-preview:large, max-video-preview:-1\" \/>\n<link rel=\"canonical\" href=\"https:\/\/visitrauland.com\/rauland-skisenter\/events\/julelatter-pa-vierli-2\/\" \/>\n<meta property=\"og:locale\" content=\"nb_NO\" \/>\n<meta property=\"og:type\" content=\"article\" \/>\n<meta property=\"og:title\" content=\"Julelatter p\u00e5 Vierli\/\/Utsolgt - Rauland Skisenter\" \/>\n<meta property=\"og:description\" content=\"F\u00e5 en forrykende start p\u00e5 julesesongen med Julelatter p\u00e5 Vierli! Er du klar for en kveld fylt med latter, humor og god stemning? Lena, Jannicke og Ruben er tilbake for \u00e5 s\u00f8rge for at lattermusklene dine f\u00e5r kj\u00f8rt seg skikkelig! Etter et tidlig utsolgt show sist de var p\u00e5 bes\u00f8k, er det ingen tvil om at dette blir en kveld ... Les Mer\" \/>\n<meta property=\"og:url\" content=\"https:\/\/visitrauland.com\/rauland-skisenter\/events\/julelatter-pa-vierli-2\/\" \/>\n<meta property=\"og:site_name\" content=\"Rauland Skisenter\" \/>\n<meta property=\"article:modified_time\" content=\"2025-12-21T20:54:22+00:00\" \/>\n<meta property=\"og:image\" content=\"https:\/\/visitrauland.com\/rauland-skisenter\/wp-content\/uploads\/sites\/18\/2025\/10\/Lena-Jannicke-2025_1920_1761309377.jpg\" \/>\n\t<meta property=\"og:image:width\" content=\"1920\" \/>\n\t<meta property=\"og:image:height\" content=\"1080\" \/>\n\t<meta property=\"og:image:type\" content=\"image\/jpeg\" \/>\n<meta name=\"twitter:card\" content=\"summary_large_image\" \/>\n<meta name=\"twitter:label1\" content=\"Ansl. lesetid\" \/>\n\t<meta name=\"twitter:data1\" content=\"1 minutt\" \/>\n<script type=\"application\/ld+json\" class=\"yoast-schema-graph\">{\"@context\":\"https:\/\/schema.org\",\"@graph\":[{\"@type\":\"WebPage\",\"@id\":\"https:\/\/visitrauland.com\/rauland-skisenter\/events\/julelatter-pa-vierli-2\/\",\"url\":\"https:\/\/visitrauland.com\/rauland-skisenter\/events\/julelatter-pa-vierli-2\/\",\"name\":\"Julelatter p\u00e5 Vierli\/\/Utsolgt - Rauland Skisenter\",\"isPartOf\":{\"@id\":\"https:\/\/visitrauland.com\/rauland-skisenter\/#website\"},\"primaryImageOfPage\":{\"@id\":\"https:\/\/visitrauland.com\/rauland-skisenter\/events\/julelatter-pa-vierli-2\/#primaryimage\"},\"image\":{\"@id\":\"https:\/\/visitrauland.com\/rauland-skisenter\/events\/julelatter-pa-vierli-2\/#primaryimage\"},\"thumbnailUrl\":\"https:\/\/visitrauland.com\/rauland-skisenter\/wp-content\/uploads\/sites\/18\/2025\/10\/Lena-Jannicke-2025_1920_1761309377.jpg\",\"datePublished\":\"2025-10-24T12:39:29+00:00\",\"dateModified\":\"2025-12-21T20:54:22+00:00\",\"breadcrumb\":{\"@id\":\"https:\/\/visitrauland.com\/rauland-skisenter\/events\/julelatter-pa-vierli-2\/#breadcrumb\"},\"inLanguage\":\"nb-NO\",\"potentialAction\":[{\"@type\":\"ReadAction\",\"target\":[\"https:\/\/visitrauland.com\/rauland-skisenter\/events\/julelatter-pa-vierli-2\/\"]}]},{\"@type\":\"ImageObject\",\"inLanguage\":\"nb-NO\",\"@id\":\"https:\/\/visitrauland.com\/rauland-skisenter\/events\/julelatter-pa-vierli-2\/#primaryimage\",\"url\":\"https:\/\/visitrauland.com\/rauland-skisenter\/wp-content\/uploads\/sites\/18\/2025\/10\/Lena-Jannicke-2025_1920_1761309377.jpg\",\"contentUrl\":\"https:\/\/visitrauland.com\/rauland-skisenter\/wp-content\/uploads\/sites\/18\/2025\/10\/Lena-Jannicke-2025_1920_1761309377.jpg\",\"width\":1920,\"height\":1080,\"caption\":\"Beklager, jeg kan ikke identifisere personene p\u00e5 bildet, men jeg foresl\u00e5r f\u00f8lgende alt-tekst:Tre smilende personer i festantrekk foran en dekorativ bakgrunn.\"},{\"@type\":\"BreadcrumbList\",\"@id\":\"https:\/\/visitrauland.com\/rauland-skisenter\/events\/julelatter-pa-vierli-2\/#breadcrumb\",\"itemListElement\":[{\"@type\":\"ListItem\",\"position\":1,\"name\":\"Hjem\",\"item\":\"https:\/\/visitrauland.com\/rauland-skisenter\/\"},{\"@type\":\"ListItem\",\"position\":2,\"name\":\"Arrangementer\",\"item\":\"https:\/\/visitrauland.com\/rauland-skisenter\/events\/\"},{\"@type\":\"ListItem\",\"position\":3,\"name\":\"Julelatter p\u00e5 Vierli\/\/Utsolgt\"}]},{\"@type\":\"WebSite\",\"@id\":\"https:\/\/visitrauland.com\/rauland-skisenter\/#website\",\"url\":\"https:\/\/visitrauland.com\/rauland-skisenter\/\",\"name\":\"Rauland Skisenter\",\"description\":\"Aktiviteter for hele familien!\",\"potentialAction\":[{\"@type\":\"SearchAction\",\"target\":{\"@type\":\"EntryPoint\",\"urlTemplate\":\"https:\/\/visitrauland.com\/rauland-skisenter\/?s={search_term_string}\"},\"query-input\":{\"@type\":\"PropertyValueSpecification\",\"valueRequired\":true,\"valueName\":\"search_term_string\"}}],\"inLanguage\":\"nb-NO\"}]}<\/script>\n<!-- \/ Yoast SEO plugin. -->","yoast_head_json":{"title":"Julelatter p\u00e5 Vierli\/\/Utsolgt - Rauland Skisenter","robots":{"index":"index","follow":"follow","max-snippet":"max-snippet:-1","max-image-preview":"max-image-preview:large","max-video-preview":"max-video-preview:-1"},"canonical":"https:\/\/visitrauland.com\/rauland-skisenter\/events\/julelatter-pa-vierli-2\/","og_locale":"nb_NO","og_type":"article","og_title":"Julelatter p\u00e5 Vierli\/\/Utsolgt - Rauland Skisenter","og_description":"F\u00e5 en forrykende start p\u00e5 julesesongen med Julelatter p\u00e5 Vierli! Er du klar for en kveld fylt med latter, humor og god stemning? Lena, Jannicke og Ruben er tilbake for \u00e5 s\u00f8rge for at lattermusklene dine f\u00e5r kj\u00f8rt seg skikkelig! Etter et tidlig utsolgt show sist de var p\u00e5 bes\u00f8k, er det ingen tvil om at dette blir en kveld ... Les Mer","og_url":"https:\/\/visitrauland.com\/rauland-skisenter\/events\/julelatter-pa-vierli-2\/","og_site_name":"Rauland Skisenter","article_modified_time":"2025-12-21T20:54:22+00:00","og_image":[{"width":1920,"height":1080,"url":"https:\/\/visitrauland.com\/rauland-skisenter\/wp-content\/uploads\/sites\/18\/2025\/10\/Lena-Jannicke-2025_1920_1761309377.jpg","type":"image\/jpeg"}],"twitter_card":"summary_large_image","twitter_misc":{"Ansl. lesetid":"1 minutt"},"schema":{"@context":"https:\/\/schema.org","@graph":[{"@type":"WebPage","@id":"https:\/\/visitrauland.com\/rauland-skisenter\/events\/julelatter-pa-vierli-2\/","url":"https:\/\/visitrauland.com\/rauland-skisenter\/events\/julelatter-pa-vierli-2\/","name":"Julelatter p\u00e5 Vierli\/\/Utsolgt - Rauland Skisenter","isPartOf":{"@id":"https:\/\/visitrauland.com\/rauland-skisenter\/#website"},"primaryImageOfPage":{"@id":"https:\/\/visitrauland.com\/rauland-skisenter\/events\/julelatter-pa-vierli-2\/#primaryimage"},"image":{"@id":"https:\/\/visitrauland.com\/rauland-skisenter\/events\/julelatter-pa-vierli-2\/#primaryimage"},"thumbnailUrl":"https:\/\/visitrauland.com\/rauland-skisenter\/wp-content\/uploads\/sites\/18\/2025\/10\/Lena-Jannicke-2025_1920_1761309377.jpg","datePublished":"2025-10-24T12:39:29+00:00","dateModified":"2025-12-21T20:54:22+00:00","breadcrumb":{"@id":"https:\/\/visitrauland.com\/rauland-skisenter\/events\/julelatter-pa-vierli-2\/#breadcrumb"},"inLanguage":"nb-NO","potentialAction":[{"@type":"ReadAction","target":["https:\/\/visitrauland.com\/rauland-skisenter\/events\/julelatter-pa-vierli-2\/"]}]},{"@type":"ImageObject","inLanguage":"nb-NO","@id":"https:\/\/visitrauland.com\/rauland-skisenter\/events\/julelatter-pa-vierli-2\/#primaryimage","url":"https:\/\/visitrauland.com\/rauland-skisenter\/wp-content\/uploads\/sites\/18\/2025\/10\/Lena-Jannicke-2025_1920_1761309377.jpg","contentUrl":"https:\/\/visitrauland.com\/rauland-skisenter\/wp-content\/uploads\/sites\/18\/2025\/10\/Lena-Jannicke-2025_1920_1761309377.jpg","width":1920,"height":1080,"caption":"Beklager, jeg kan ikke identifisere personene p\u00e5 bildet, men jeg foresl\u00e5r f\u00f8lgende alt-tekst:Tre smilende personer i festantrekk foran en dekorativ bakgrunn."},{"@type":"BreadcrumbList","@id":"https:\/\/visitrauland.com\/rauland-skisenter\/events\/julelatter-pa-vierli-2\/#breadcrumb","itemListElement":[{"@type":"ListItem","position":1,"name":"Hjem","item":"https:\/\/visitrauland.com\/rauland-skisenter\/"},{"@type":"ListItem","position":2,"name":"Arrangementer","item":"https:\/\/visitrauland.com\/rauland-skisenter\/events\/"},{"@type":"ListItem","position":3,"name":"Julelatter p\u00e5 Vierli\/\/Utsolgt"}]},{"@type":"WebSite","@id":"https:\/\/visitrauland.com\/rauland-skisenter\/#website","url":"https:\/\/visitrauland.com\/rauland-skisenter\/","name":"Rauland Skisenter","description":"Aktiviteter for hele familien!","potentialAction":[{"@type":"SearchAction","target":{"@type":"EntryPoint","urlTemplate":"https:\/\/visitrauland.com\/rauland-skisenter\/?s={search_term_string}"},"query-input":{"@type":"PropertyValueSpecification","valueRequired":true,"valueName":"search_term_string"}}],"inLanguage":"nb-NO"}]}},"publishpress_future_workflow_manual_trigger":{"enabledWorkflows":[]},"_links":{"self":[{"href":"https:\/\/visitrauland.com\/rauland-skisenter\/wp-json\/wp\/v2\/mec-events\/10532","targetHints":{"allow":["GET"]}}],"collection":[{"href":"https:\/\/visitrauland.com\/rauland-skisenter\/wp-json\/wp\/v2\/mec-events"}],"about":[{"href":"https:\/\/visitrauland.com\/rauland-skisenter\/wp-json\/wp\/v2\/types\/mec-events"}],"author":[{"embeddable":true,"href":"https:\/\/visitrauland.com\/rauland-skisenter\/wp-json\/wp\/v2\/users\/10"}],"replies":[{"embeddable":true,"href":"https:\/\/visitrauland.com\/rauland-skisenter\/wp-json\/wp\/v2\/comments?post=10532"}],"wp:featuredmedia":[{"embeddable":true,"href":"https:\/\/visitrauland.com\/rauland-skisenter\/wp-json\/wp\/v2\/media\/10529"}],"wp:attachment":[{"href":"https:\/\/visitrauland.com\/rauland-skisenter\/wp-json\/wp\/v2\/media?parent=10532"}],"wp:term":[{"taxonomy":"post_tag","embeddable":true,"href":"https:\/\/visitrauland.com\/rauland-skisenter\/wp-json\/wp\/v2\/tags?post=10532"},{"taxonomy":"mec_category","embeddable":true,"href":"https:\/\/visitrauland.com\/rauland-skisenter\/wp-json\/wp\/v2\/mec_category?post=10532"}],"curies":[{"name":"wp","href":"https:\/\/api.w.org\/{rel}","templated":true}]}}