{"id":10248,"date":"2025-03-27T13:48:05","date_gmt":"2025-03-27T12:48:05","guid":{"rendered":"https:\/\/visitrauland.com\/rauland-skisenter\/?post_type=mec-events&#038;p=10248"},"modified":"2025-03-27T13:48:05","modified_gmt":"2025-03-27T12:48:05","slug":"til-topps-med-astma-og-diabetes-en-reise-til-mount-everest","status":"publish","type":"mec-events","link":"https:\/\/visitrauland.com\/rauland-skisenter\/events\/til-topps-med-astma-og-diabetes-en-reise-til-mount-everest\/","title":{"rendered":"Til topps med astma og diabetes \u2013 en reise til Mount Everest"},"content":{"rendered":"<p>Rauland Skisenter og Vinje kommune inviterer til et inspirerende foredrag med Rune Hana og Cecilie Nesheim p\u00e5 <strong data-start=\"259\" data-end=\"307\">Vierli Kafeteria tirsdag 15. april kl. 18.00<\/strong>.<\/p>\n<p class data-start=\"310\" data-end=\"708\">I april 2024 startet Cecilie og Rune sin st\u00f8rste ekspedisjon hittil \u2013 til verdens h\u00f8yeste fjell, Mount Everest. Med seg i bagasjen hadde de mer enn bare klatreutstyr: Rune har astma, og Cecilie har type 1-diabetes. Likevel har de tidligere besteget topper som Denali (6190 moh) og Manaslu (8163 moh), og er blant de f\u00e5 nordmenn \u2013 sammen med Kristin Harila \u2013 som har n\u00e5dd den ekte toppen av Manaslu.<\/p>\n<p class data-start=\"710\" data-end=\"1008\">I foredraget deler de \u00e6rlig og \u00e5pent om reisen til Everest: om risikovurderinger, t\u00f8ffe valg, menneskem\u00f8ter, og hvordan de h\u00e5ndterte kroniske sykdommer i et ekstremt milj\u00f8. Rune n\u00e5dde toppen 22. mai 2024, mens Cecilie m\u00e5tte ta det modige valget \u00e5 snu p\u00e5 8100 moh p\u00e5 grunn av uforutsette hindringer.<\/p>\n<p class data-start=\"1010\" data-end=\"1124\">Velkommen til en sterk og l\u00e6rerik kveld om mot, mestring og hvor langt man kan n\u00e5 \u2013 ogs\u00e5 med litt ekstra i sekken!<\/p>\n<p data-start=\"1010\" data-end=\"1124\"><a href=\"https:\/\/rauland.skiperformance.com\/no\/rauland\/shopp#\/no\/rauland\/buy?skugroup_id=4579\"><strong>Kj\u00f8p billetter her<\/strong><\/a><\/p>\n<p data-start=\"1010\" data-end=\"1124\"><noscript><img decoding=\"async\" class=\"alignnone size-full wp-image-10252\" src=\"https:\/\/visitrauland.com\/rauland-skisenter\/wp-content\/uploads\/sites\/18\/2025\/03\/RuneHana_SherpaVareVenner_1920_1743079563.jpg\" alt=\"Jeg vet ikke hvem disse personene er, men her er et forslag til alt-tekst: Fire glade turg\u00e5ere foran isbre i fjellet.\" width=\"1920\" height=\"1080\" srcset=\"https:\/\/visitrauland.com\/rauland-skisenter\/wp-content\/uploads\/sites\/18\/2025\/03\/RuneHana_SherpaVareVenner_1920_1743079563.jpg 1920w, https:\/\/visitrauland.com\/rauland-skisenter\/wp-content\/uploads\/sites\/18\/2025\/03\/RuneHana_SherpaVareVenner_1920_1743079563-300x169.jpg 300w, https:\/\/visitrauland.com\/rauland-skisenter\/wp-content\/uploads\/sites\/18\/2025\/03\/RuneHana_SherpaVareVenner_1920_1743079563-1024x576.jpg 1024w, https:\/\/visitrauland.com\/rauland-skisenter\/wp-content\/uploads\/sites\/18\/2025\/03\/RuneHana_SherpaVareVenner_1920_1743079563-768x432.jpg 768w, https:\/\/visitrauland.com\/rauland-skisenter\/wp-content\/uploads\/sites\/18\/2025\/03\/RuneHana_SherpaVareVenner_1920_1743079563-1536x864.jpg 1536w, https:\/\/visitrauland.com\/rauland-skisenter\/wp-content\/uploads\/sites\/18\/2025\/03\/RuneHana_SherpaVareVenner_1920_1743079563-500x281.jpg 500w, https:\/\/visitrauland.com\/rauland-skisenter\/wp-content\/uploads\/sites\/18\/2025\/03\/RuneHana_SherpaVareVenner_1920_1743079563-100x56.jpg 100w, https:\/\/visitrauland.com\/rauland-skisenter\/wp-content\/uploads\/sites\/18\/2025\/03\/RuneHana_SherpaVareVenner_1920_1743079563-862x485.jpg 862w, https:\/\/visitrauland.com\/rauland-skisenter\/wp-content\/uploads\/sites\/18\/2025\/03\/RuneHana_SherpaVareVenner_1920_1743079563-1200x675.jpg 1200w\" sizes=\"(max-width: 1920px) 100vw, 1920px\"><\/noscript><img decoding=\"async\" class=\"alignnone size-full wp-image-10252 lazyload\" src=\"data:image\/svg+xml,%3Csvg%20xmlns%3D%22http%3A%2F%2Fwww.w3.org%2F2000%2Fsvg%22%20viewBox%3D%220%200%201920%201080%22%3E%3C%2Fsvg%3E\" alt=\"Jeg vet ikke hvem disse personene er, men her er et forslag til alt-tekst: Fire glade turg\u00e5ere foran isbre i fjellet.\" width=\"1920\" height=\"1080\" srcset=\"data:image\/svg+xml,%3Csvg%20xmlns%3D%22http%3A%2F%2Fwww.w3.org%2F2000%2Fsvg%22%20viewBox%3D%220%200%201920%201080%22%3E%3C%2Fsvg%3E 1920w\" sizes=\"(max-width: 1920px) 100vw, 1920px\" data-srcset=\"https:\/\/visitrauland.com\/rauland-skisenter\/wp-content\/uploads\/sites\/18\/2025\/03\/RuneHana_SherpaVareVenner_1920_1743079563.jpg 1920w, https:\/\/visitrauland.com\/rauland-skisenter\/wp-content\/uploads\/sites\/18\/2025\/03\/RuneHana_SherpaVareVenner_1920_1743079563-300x169.jpg 300w, https:\/\/visitrauland.com\/rauland-skisenter\/wp-content\/uploads\/sites\/18\/2025\/03\/RuneHana_SherpaVareVenner_1920_1743079563-1024x576.jpg 1024w, https:\/\/visitrauland.com\/rauland-skisenter\/wp-content\/uploads\/sites\/18\/2025\/03\/RuneHana_SherpaVareVenner_1920_1743079563-768x432.jpg 768w, https:\/\/visitrauland.com\/rauland-skisenter\/wp-content\/uploads\/sites\/18\/2025\/03\/RuneHana_SherpaVareVenner_1920_1743079563-1536x864.jpg 1536w, https:\/\/visitrauland.com\/rauland-skisenter\/wp-content\/uploads\/sites\/18\/2025\/03\/RuneHana_SherpaVareVenner_1920_1743079563-500x281.jpg 500w, https:\/\/visitrauland.com\/rauland-skisenter\/wp-content\/uploads\/sites\/18\/2025\/03\/RuneHana_SherpaVareVenner_1920_1743079563-100x56.jpg 100w, https:\/\/visitrauland.com\/rauland-skisenter\/wp-content\/uploads\/sites\/18\/2025\/03\/RuneHana_SherpaVareVenner_1920_1743079563-862x485.jpg 862w, https:\/\/visitrauland.com\/rauland-skisenter\/wp-content\/uploads\/sites\/18\/2025\/03\/RuneHana_SherpaVareVenner_1920_1743079563-1200x675.jpg 1200w\" data-src=\"https:\/\/visitrauland.com\/rauland-skisenter\/wp-content\/uploads\/sites\/18\/2025\/03\/RuneHana_SherpaVareVenner_1920_1743079563.jpg\"> <noscript><img decoding=\"async\" class=\"alignnone size-full wp-image-10249\" src=\"https:\/\/visitrauland.com\/rauland-skisenter\/wp-content\/uploads\/sites\/18\/2025\/03\/RuneHana_Isfallet-2_1920_1743079536.jpg\" alt=\"Fjellklatrer krysser isbro med ryggsekk og hjelm, omgitt av sn\u00f8dekte fjell og bl\u00e5 himmel.\" width=\"1920\" height=\"1080\" srcset=\"https:\/\/visitrauland.com\/rauland-skisenter\/wp-content\/uploads\/sites\/18\/2025\/03\/RuneHana_Isfallet-2_1920_1743079536.jpg 1920w, https:\/\/visitrauland.com\/rauland-skisenter\/wp-content\/uploads\/sites\/18\/2025\/03\/RuneHana_Isfallet-2_1920_1743079536-300x169.jpg 300w, https:\/\/visitrauland.com\/rauland-skisenter\/wp-content\/uploads\/sites\/18\/2025\/03\/RuneHana_Isfallet-2_1920_1743079536-1024x576.jpg 1024w, https:\/\/visitrauland.com\/rauland-skisenter\/wp-content\/uploads\/sites\/18\/2025\/03\/RuneHana_Isfallet-2_1920_1743079536-768x432.jpg 768w, https:\/\/visitrauland.com\/rauland-skisenter\/wp-content\/uploads\/sites\/18\/2025\/03\/RuneHana_Isfallet-2_1920_1743079536-1536x864.jpg 1536w, https:\/\/visitrauland.com\/rauland-skisenter\/wp-content\/uploads\/sites\/18\/2025\/03\/RuneHana_Isfallet-2_1920_1743079536-500x281.jpg 500w, https:\/\/visitrauland.com\/rauland-skisenter\/wp-content\/uploads\/sites\/18\/2025\/03\/RuneHana_Isfallet-2_1920_1743079536-100x56.jpg 100w, https:\/\/visitrauland.com\/rauland-skisenter\/wp-content\/uploads\/sites\/18\/2025\/03\/RuneHana_Isfallet-2_1920_1743079536-862x485.jpg 862w, https:\/\/visitrauland.com\/rauland-skisenter\/wp-content\/uploads\/sites\/18\/2025\/03\/RuneHana_Isfallet-2_1920_1743079536-1200x675.jpg 1200w\" sizes=\"(max-width: 1920px) 100vw, 1920px\"><\/noscript><img decoding=\"async\" class=\"alignnone size-full wp-image-10249 lazyload\" src=\"data:image\/svg+xml,%3Csvg%20xmlns%3D%22http%3A%2F%2Fwww.w3.org%2F2000%2Fsvg%22%20viewBox%3D%220%200%201920%201080%22%3E%3C%2Fsvg%3E\" alt=\"Fjellklatrer krysser isbro med ryggsekk og hjelm, omgitt av sn\u00f8dekte fjell og bl\u00e5 himmel.\" width=\"1920\" height=\"1080\" srcset=\"data:image\/svg+xml,%3Csvg%20xmlns%3D%22http%3A%2F%2Fwww.w3.org%2F2000%2Fsvg%22%20viewBox%3D%220%200%201920%201080%22%3E%3C%2Fsvg%3E 1920w\" sizes=\"(max-width: 1920px) 100vw, 1920px\" data-srcset=\"https:\/\/visitrauland.com\/rauland-skisenter\/wp-content\/uploads\/sites\/18\/2025\/03\/RuneHana_Isfallet-2_1920_1743079536.jpg 1920w, https:\/\/visitrauland.com\/rauland-skisenter\/wp-content\/uploads\/sites\/18\/2025\/03\/RuneHana_Isfallet-2_1920_1743079536-300x169.jpg 300w, https:\/\/visitrauland.com\/rauland-skisenter\/wp-content\/uploads\/sites\/18\/2025\/03\/RuneHana_Isfallet-2_1920_1743079536-1024x576.jpg 1024w, https:\/\/visitrauland.com\/rauland-skisenter\/wp-content\/uploads\/sites\/18\/2025\/03\/RuneHana_Isfallet-2_1920_1743079536-768x432.jpg 768w, https:\/\/visitrauland.com\/rauland-skisenter\/wp-content\/uploads\/sites\/18\/2025\/03\/RuneHana_Isfallet-2_1920_1743079536-1536x864.jpg 1536w, https:\/\/visitrauland.com\/rauland-skisenter\/wp-content\/uploads\/sites\/18\/2025\/03\/RuneHana_Isfallet-2_1920_1743079536-500x281.jpg 500w, https:\/\/visitrauland.com\/rauland-skisenter\/wp-content\/uploads\/sites\/18\/2025\/03\/RuneHana_Isfallet-2_1920_1743079536-100x56.jpg 100w, https:\/\/visitrauland.com\/rauland-skisenter\/wp-content\/uploads\/sites\/18\/2025\/03\/RuneHana_Isfallet-2_1920_1743079536-862x485.jpg 862w, https:\/\/visitrauland.com\/rauland-skisenter\/wp-content\/uploads\/sites\/18\/2025\/03\/RuneHana_Isfallet-2_1920_1743079536-1200x675.jpg 1200w\" data-src=\"https:\/\/visitrauland.com\/rauland-skisenter\/wp-content\/uploads\/sites\/18\/2025\/03\/RuneHana_Isfallet-2_1920_1743079536.jpg\"><\/p>\n<p data-start=\"1010\" data-end=\"1124\"><noscript><img decoding=\"async\" class=\"alignnone size-full wp-image-10253\" src=\"https:\/\/visitrauland.com\/rauland-skisenter\/wp-content\/uploads\/sites\/18\/2025\/03\/RuneHana_Vertikal_Isvegg6000mohEkstremtTungIdenHogda_1920_1743079613.jpg\" alt=\"Klatrere p\u00e5 en sn\u00f8dekt fjellskrent under vinterforhold. Eventyrlystne p\u00e5 isklatring i kalde omgivelser.\" width=\"1920\" height=\"1080\" srcset=\"https:\/\/visitrauland.com\/rauland-skisenter\/wp-content\/uploads\/sites\/18\/2025\/03\/RuneHana_Vertikal_Isvegg6000mohEkstremtTungIdenHogda_1920_1743079613.jpg 1920w, https:\/\/visitrauland.com\/rauland-skisenter\/wp-content\/uploads\/sites\/18\/2025\/03\/RuneHana_Vertikal_Isvegg6000mohEkstremtTungIdenHogda_1920_1743079613-300x169.jpg 300w, https:\/\/visitrauland.com\/rauland-skisenter\/wp-content\/uploads\/sites\/18\/2025\/03\/RuneHana_Vertikal_Isvegg6000mohEkstremtTungIdenHogda_1920_1743079613-1024x576.jpg 1024w, https:\/\/visitrauland.com\/rauland-skisenter\/wp-content\/uploads\/sites\/18\/2025\/03\/RuneHana_Vertikal_Isvegg6000mohEkstremtTungIdenHogda_1920_1743079613-768x432.jpg 768w, https:\/\/visitrauland.com\/rauland-skisenter\/wp-content\/uploads\/sites\/18\/2025\/03\/RuneHana_Vertikal_Isvegg6000mohEkstremtTungIdenHogda_1920_1743079613-1536x864.jpg 1536w, https:\/\/visitrauland.com\/rauland-skisenter\/wp-content\/uploads\/sites\/18\/2025\/03\/RuneHana_Vertikal_Isvegg6000mohEkstremtTungIdenHogda_1920_1743079613-500x281.jpg 500w, https:\/\/visitrauland.com\/rauland-skisenter\/wp-content\/uploads\/sites\/18\/2025\/03\/RuneHana_Vertikal_Isvegg6000mohEkstremtTungIdenHogda_1920_1743079613-100x56.jpg 100w, https:\/\/visitrauland.com\/rauland-skisenter\/wp-content\/uploads\/sites\/18\/2025\/03\/RuneHana_Vertikal_Isvegg6000mohEkstremtTungIdenHogda_1920_1743079613-862x485.jpg 862w, https:\/\/visitrauland.com\/rauland-skisenter\/wp-content\/uploads\/sites\/18\/2025\/03\/RuneHana_Vertikal_Isvegg6000mohEkstremtTungIdenHogda_1920_1743079613-1200x675.jpg 1200w\" sizes=\"(max-width: 1920px) 100vw, 1920px\"><\/noscript><img decoding=\"async\" class=\"alignnone size-full wp-image-10253 lazyload\" src=\"data:image\/svg+xml,%3Csvg%20xmlns%3D%22http%3A%2F%2Fwww.w3.org%2F2000%2Fsvg%22%20viewBox%3D%220%200%201920%201080%22%3E%3C%2Fsvg%3E\" alt=\"Klatrere p\u00e5 en sn\u00f8dekt fjellskrent under vinterforhold. Eventyrlystne p\u00e5 isklatring i kalde omgivelser.\" width=\"1920\" height=\"1080\" srcset=\"data:image\/svg+xml,%3Csvg%20xmlns%3D%22http%3A%2F%2Fwww.w3.org%2F2000%2Fsvg%22%20viewBox%3D%220%200%201920%201080%22%3E%3C%2Fsvg%3E 1920w\" sizes=\"(max-width: 1920px) 100vw, 1920px\" data-srcset=\"https:\/\/visitrauland.com\/rauland-skisenter\/wp-content\/uploads\/sites\/18\/2025\/03\/RuneHana_Vertikal_Isvegg6000mohEkstremtTungIdenHogda_1920_1743079613.jpg 1920w, https:\/\/visitrauland.com\/rauland-skisenter\/wp-content\/uploads\/sites\/18\/2025\/03\/RuneHana_Vertikal_Isvegg6000mohEkstremtTungIdenHogda_1920_1743079613-300x169.jpg 300w, https:\/\/visitrauland.com\/rauland-skisenter\/wp-content\/uploads\/sites\/18\/2025\/03\/RuneHana_Vertikal_Isvegg6000mohEkstremtTungIdenHogda_1920_1743079613-1024x576.jpg 1024w, https:\/\/visitrauland.com\/rauland-skisenter\/wp-content\/uploads\/sites\/18\/2025\/03\/RuneHana_Vertikal_Isvegg6000mohEkstremtTungIdenHogda_1920_1743079613-768x432.jpg 768w, https:\/\/visitrauland.com\/rauland-skisenter\/wp-content\/uploads\/sites\/18\/2025\/03\/RuneHana_Vertikal_Isvegg6000mohEkstremtTungIdenHogda_1920_1743079613-1536x864.jpg 1536w, https:\/\/visitrauland.com\/rauland-skisenter\/wp-content\/uploads\/sites\/18\/2025\/03\/RuneHana_Vertikal_Isvegg6000mohEkstremtTungIdenHogda_1920_1743079613-500x281.jpg 500w, https:\/\/visitrauland.com\/rauland-skisenter\/wp-content\/uploads\/sites\/18\/2025\/03\/RuneHana_Vertikal_Isvegg6000mohEkstremtTungIdenHogda_1920_1743079613-100x56.jpg 100w, https:\/\/visitrauland.com\/rauland-skisenter\/wp-content\/uploads\/sites\/18\/2025\/03\/RuneHana_Vertikal_Isvegg6000mohEkstremtTungIdenHogda_1920_1743079613-862x485.jpg 862w, https:\/\/visitrauland.com\/rauland-skisenter\/wp-content\/uploads\/sites\/18\/2025\/03\/RuneHana_Vertikal_Isvegg6000mohEkstremtTungIdenHogda_1920_1743079613-1200x675.jpg 1200w\" data-src=\"https:\/\/visitrauland.com\/rauland-skisenter\/wp-content\/uploads\/sites\/18\/2025\/03\/RuneHana_Vertikal_Isvegg6000mohEkstremtTungIdenHogda_1920_1743079613.jpg\"><\/p>\n","protected":false},"excerpt":{"rendered":"<p>Rauland Skisenter og Vinje kommune inviterer til et inspirerende foredrag med Rune Hana og Cecilie Nesheim p\u00e5 Vierli Kafeteria tirsdag 15. april kl. 18.00. I april 2024 startet Cecilie og Rune sin st\u00f8rste ekspedisjon hittil \u2013 til verdens h\u00f8yeste fjell, Mount Everest. Med seg i bagasjen hadde de mer enn bare klatreutstyr: Rune har astma, og Cecilie har type 1-diabetes. &#8230; <\/p>\n<div><a href=\"https:\/\/visitrauland.com\/rauland-skisenter\/events\/til-topps-med-astma-og-diabetes-en-reise-til-mount-everest\/\" class=\"more-link\">Les Mer<\/a><\/div>\n","protected":false},"author":10,"featured_media":10251,"comment_status":"closed","ping_status":"closed","template":"","tags":[],"mec_category":[26],"class_list":["post-10248","mec-events","type-mec-events","status-publish","has-post-thumbnail","hentry","mec_category-events"],"yoast_head":"<!-- This site is optimized with the Yoast SEO plugin v27.5 - https:\/\/yoast.com\/product\/yoast-seo-wordpress\/ -->\n<title>Til topps med astma og diabetes \u2013 en reise til Mount Everest - Rauland Skisenter<\/title>\n<meta name=\"robots\" content=\"index, follow, max-snippet:-1, max-image-preview:large, max-video-preview:-1\" \/>\n<link rel=\"canonical\" href=\"https:\/\/visitrauland.com\/rauland-skisenter\/events\/til-topps-med-astma-og-diabetes-en-reise-til-mount-everest\/\" \/>\n<meta property=\"og:locale\" content=\"nb_NO\" \/>\n<meta property=\"og:type\" content=\"article\" \/>\n<meta property=\"og:title\" content=\"Til topps med astma og diabetes \u2013 en reise til Mount Everest - Rauland Skisenter\" \/>\n<meta property=\"og:description\" content=\"Rauland Skisenter og Vinje kommune inviterer til et inspirerende foredrag med Rune Hana og Cecilie Nesheim p\u00e5 Vierli Kafeteria tirsdag 15. april kl. 18.00. I april 2024 startet Cecilie og Rune sin st\u00f8rste ekspedisjon hittil \u2013 til verdens h\u00f8yeste fjell, Mount Everest. Med seg i bagasjen hadde de mer enn bare klatreutstyr: Rune har astma, og Cecilie har type 1-diabetes. ... Les Mer\" \/>\n<meta property=\"og:url\" content=\"https:\/\/visitrauland.com\/rauland-skisenter\/events\/til-topps-med-astma-og-diabetes-en-reise-til-mount-everest\/\" \/>\n<meta property=\"og:site_name\" content=\"Rauland Skisenter\" \/>\n<meta property=\"og:image\" content=\"https:\/\/visitrauland.com\/rauland-skisenter\/wp-content\/uploads\/sites\/18\/2025\/03\/RuneHana_FraOverCamp4SouthColPaEverestDerCecilieSnuddeIBakgrunnenSerMeRutaOppBalconyTilVenstreOgSorToppenTilHogre_1920_1743079543.jpg\" \/>\n\t<meta property=\"og:image:width\" content=\"1920\" \/>\n\t<meta property=\"og:image:height\" content=\"1080\" \/>\n\t<meta property=\"og:image:type\" content=\"image\/jpeg\" \/>\n<meta name=\"twitter:card\" content=\"summary_large_image\" \/>\n<meta name=\"twitter:label1\" content=\"Ansl. lesetid\" \/>\n\t<meta name=\"twitter:data1\" content=\"2 minutter\" \/>\n<script type=\"application\/ld+json\" class=\"yoast-schema-graph\">{\"@context\":\"https:\\\/\\\/schema.org\",\"@graph\":[{\"@type\":\"WebPage\",\"@id\":\"https:\\\/\\\/visitrauland.com\\\/rauland-skisenter\\\/events\\\/til-topps-med-astma-og-diabetes-en-reise-til-mount-everest\\\/\",\"url\":\"https:\\\/\\\/visitrauland.com\\\/rauland-skisenter\\\/events\\\/til-topps-med-astma-og-diabetes-en-reise-til-mount-everest\\\/\",\"name\":\"Til topps med astma og diabetes \u2013 en reise til Mount Everest - Rauland Skisenter\",\"isPartOf\":{\"@id\":\"https:\\\/\\\/visitrauland.com\\\/rauland-skisenter\\\/#website\"},\"primaryImageOfPage\":{\"@id\":\"https:\\\/\\\/visitrauland.com\\\/rauland-skisenter\\\/events\\\/til-topps-med-astma-og-diabetes-en-reise-til-mount-everest\\\/#primaryimage\"},\"image\":{\"@id\":\"https:\\\/\\\/visitrauland.com\\\/rauland-skisenter\\\/events\\\/til-topps-med-astma-og-diabetes-en-reise-til-mount-everest\\\/#primaryimage\"},\"thumbnailUrl\":\"https:\\\/\\\/visitrauland.com\\\/rauland-skisenter\\\/wp-content\\\/uploads\\\/sites\\\/18\\\/2025\\\/03\\\/RuneHana_FraOverCamp4SouthColPaEverestDerCecilieSnuddeIBakgrunnenSerMeRutaOppBalconyTilVenstreOgSorToppenTilHogre_1920_1743079543.jpg\",\"datePublished\":\"2025-03-27T12:48:05+00:00\",\"breadcrumb\":{\"@id\":\"https:\\\/\\\/visitrauland.com\\\/rauland-skisenter\\\/events\\\/til-topps-med-astma-og-diabetes-en-reise-til-mount-everest\\\/#breadcrumb\"},\"inLanguage\":\"nb-NO\",\"potentialAction\":[{\"@type\":\"ReadAction\",\"target\":[\"https:\\\/\\\/visitrauland.com\\\/rauland-skisenter\\\/events\\\/til-topps-med-astma-og-diabetes-en-reise-til-mount-everest\\\/\"]}]},{\"@type\":\"ImageObject\",\"inLanguage\":\"nb-NO\",\"@id\":\"https:\\\/\\\/visitrauland.com\\\/rauland-skisenter\\\/events\\\/til-topps-med-astma-og-diabetes-en-reise-til-mount-everest\\\/#primaryimage\",\"url\":\"https:\\\/\\\/visitrauland.com\\\/rauland-skisenter\\\/wp-content\\\/uploads\\\/sites\\\/18\\\/2025\\\/03\\\/RuneHana_FraOverCamp4SouthColPaEverestDerCecilieSnuddeIBakgrunnenSerMeRutaOppBalconyTilVenstreOgSorToppenTilHogre_1920_1743079543.jpg\",\"contentUrl\":\"https:\\\/\\\/visitrauland.com\\\/rauland-skisenter\\\/wp-content\\\/uploads\\\/sites\\\/18\\\/2025\\\/03\\\/RuneHana_FraOverCamp4SouthColPaEverestDerCecilieSnuddeIBakgrunnenSerMeRutaOppBalconyTilVenstreOgSorToppenTilHogre_1920_1743079543.jpg\",\"width\":1920,\"height\":1080,\"caption\":\"To fjellklatrere i r\u00f8de jakker med maske foran et sn\u00f8dekt fjell, klare for ekspedisjon.\"},{\"@type\":\"BreadcrumbList\",\"@id\":\"https:\\\/\\\/visitrauland.com\\\/rauland-skisenter\\\/events\\\/til-topps-med-astma-og-diabetes-en-reise-til-mount-everest\\\/#breadcrumb\",\"itemListElement\":[{\"@type\":\"ListItem\",\"position\":1,\"name\":\"Hjem\",\"item\":\"https:\\\/\\\/visitrauland.com\\\/rauland-skisenter\\\/\"},{\"@type\":\"ListItem\",\"position\":2,\"name\":\"Arrangementer\",\"item\":\"https:\\\/\\\/visitrauland.com\\\/rauland-skisenter\\\/events\\\/\"},{\"@type\":\"ListItem\",\"position\":3,\"name\":\"Til topps med astma og diabetes \u2013 en reise til Mount Everest\"}]},{\"@type\":\"WebSite\",\"@id\":\"https:\\\/\\\/visitrauland.com\\\/rauland-skisenter\\\/#website\",\"url\":\"https:\\\/\\\/visitrauland.com\\\/rauland-skisenter\\\/\",\"name\":\"Rauland Skisenter\",\"description\":\"Aktiviteter for hele familien!\",\"potentialAction\":[{\"@type\":\"SearchAction\",\"target\":{\"@type\":\"EntryPoint\",\"urlTemplate\":\"https:\\\/\\\/visitrauland.com\\\/rauland-skisenter\\\/?s={search_term_string}\"},\"query-input\":{\"@type\":\"PropertyValueSpecification\",\"valueRequired\":true,\"valueName\":\"search_term_string\"}}],\"inLanguage\":\"nb-NO\"}]}<\/script>\n<!-- \/ Yoast SEO plugin. -->","yoast_head_json":{"title":"Til topps med astma og diabetes \u2013 en reise til Mount Everest - Rauland Skisenter","robots":{"index":"index","follow":"follow","max-snippet":"max-snippet:-1","max-image-preview":"max-image-preview:large","max-video-preview":"max-video-preview:-1"},"canonical":"https:\/\/visitrauland.com\/rauland-skisenter\/events\/til-topps-med-astma-og-diabetes-en-reise-til-mount-everest\/","og_locale":"nb_NO","og_type":"article","og_title":"Til topps med astma og diabetes \u2013 en reise til Mount Everest - Rauland Skisenter","og_description":"Rauland Skisenter og Vinje kommune inviterer til et inspirerende foredrag med Rune Hana og Cecilie Nesheim p\u00e5 Vierli Kafeteria tirsdag 15. april kl. 18.00. I april 2024 startet Cecilie og Rune sin st\u00f8rste ekspedisjon hittil \u2013 til verdens h\u00f8yeste fjell, Mount Everest. Med seg i bagasjen hadde de mer enn bare klatreutstyr: Rune har astma, og Cecilie har type 1-diabetes. ... Les Mer","og_url":"https:\/\/visitrauland.com\/rauland-skisenter\/events\/til-topps-med-astma-og-diabetes-en-reise-til-mount-everest\/","og_site_name":"Rauland Skisenter","og_image":[{"width":1920,"height":1080,"url":"https:\/\/visitrauland.com\/rauland-skisenter\/wp-content\/uploads\/sites\/18\/2025\/03\/RuneHana_FraOverCamp4SouthColPaEverestDerCecilieSnuddeIBakgrunnenSerMeRutaOppBalconyTilVenstreOgSorToppenTilHogre_1920_1743079543.jpg","type":"image\/jpeg"}],"twitter_card":"summary_large_image","twitter_misc":{"Ansl. lesetid":"2 minutter"},"schema":{"@context":"https:\/\/schema.org","@graph":[{"@type":"WebPage","@id":"https:\/\/visitrauland.com\/rauland-skisenter\/events\/til-topps-med-astma-og-diabetes-en-reise-til-mount-everest\/","url":"https:\/\/visitrauland.com\/rauland-skisenter\/events\/til-topps-med-astma-og-diabetes-en-reise-til-mount-everest\/","name":"Til topps med astma og diabetes \u2013 en reise til Mount Everest - Rauland Skisenter","isPartOf":{"@id":"https:\/\/visitrauland.com\/rauland-skisenter\/#website"},"primaryImageOfPage":{"@id":"https:\/\/visitrauland.com\/rauland-skisenter\/events\/til-topps-med-astma-og-diabetes-en-reise-til-mount-everest\/#primaryimage"},"image":{"@id":"https:\/\/visitrauland.com\/rauland-skisenter\/events\/til-topps-med-astma-og-diabetes-en-reise-til-mount-everest\/#primaryimage"},"thumbnailUrl":"https:\/\/visitrauland.com\/rauland-skisenter\/wp-content\/uploads\/sites\/18\/2025\/03\/RuneHana_FraOverCamp4SouthColPaEverestDerCecilieSnuddeIBakgrunnenSerMeRutaOppBalconyTilVenstreOgSorToppenTilHogre_1920_1743079543.jpg","datePublished":"2025-03-27T12:48:05+00:00","breadcrumb":{"@id":"https:\/\/visitrauland.com\/rauland-skisenter\/events\/til-topps-med-astma-og-diabetes-en-reise-til-mount-everest\/#breadcrumb"},"inLanguage":"nb-NO","potentialAction":[{"@type":"ReadAction","target":["https:\/\/visitrauland.com\/rauland-skisenter\/events\/til-topps-med-astma-og-diabetes-en-reise-til-mount-everest\/"]}]},{"@type":"ImageObject","inLanguage":"nb-NO","@id":"https:\/\/visitrauland.com\/rauland-skisenter\/events\/til-topps-med-astma-og-diabetes-en-reise-til-mount-everest\/#primaryimage","url":"https:\/\/visitrauland.com\/rauland-skisenter\/wp-content\/uploads\/sites\/18\/2025\/03\/RuneHana_FraOverCamp4SouthColPaEverestDerCecilieSnuddeIBakgrunnenSerMeRutaOppBalconyTilVenstreOgSorToppenTilHogre_1920_1743079543.jpg","contentUrl":"https:\/\/visitrauland.com\/rauland-skisenter\/wp-content\/uploads\/sites\/18\/2025\/03\/RuneHana_FraOverCamp4SouthColPaEverestDerCecilieSnuddeIBakgrunnenSerMeRutaOppBalconyTilVenstreOgSorToppenTilHogre_1920_1743079543.jpg","width":1920,"height":1080,"caption":"To fjellklatrere i r\u00f8de jakker med maske foran et sn\u00f8dekt fjell, klare for ekspedisjon."},{"@type":"BreadcrumbList","@id":"https:\/\/visitrauland.com\/rauland-skisenter\/events\/til-topps-med-astma-og-diabetes-en-reise-til-mount-everest\/#breadcrumb","itemListElement":[{"@type":"ListItem","position":1,"name":"Hjem","item":"https:\/\/visitrauland.com\/rauland-skisenter\/"},{"@type":"ListItem","position":2,"name":"Arrangementer","item":"https:\/\/visitrauland.com\/rauland-skisenter\/events\/"},{"@type":"ListItem","position":3,"name":"Til topps med astma og diabetes \u2013 en reise til Mount Everest"}]},{"@type":"WebSite","@id":"https:\/\/visitrauland.com\/rauland-skisenter\/#website","url":"https:\/\/visitrauland.com\/rauland-skisenter\/","name":"Rauland Skisenter","description":"Aktiviteter for hele familien!","potentialAction":[{"@type":"SearchAction","target":{"@type":"EntryPoint","urlTemplate":"https:\/\/visitrauland.com\/rauland-skisenter\/?s={search_term_string}"},"query-input":{"@type":"PropertyValueSpecification","valueRequired":true,"valueName":"search_term_string"}}],"inLanguage":"nb-NO"}]}},"publishpress_future_workflow_manual_trigger":{"enabledWorkflows":[]},"_links":{"self":[{"href":"https:\/\/visitrauland.com\/rauland-skisenter\/wp-json\/wp\/v2\/mec-events\/10248","targetHints":{"allow":["GET"]}}],"collection":[{"href":"https:\/\/visitrauland.com\/rauland-skisenter\/wp-json\/wp\/v2\/mec-events"}],"about":[{"href":"https:\/\/visitrauland.com\/rauland-skisenter\/wp-json\/wp\/v2\/types\/mec-events"}],"author":[{"embeddable":true,"href":"https:\/\/visitrauland.com\/rauland-skisenter\/wp-json\/wp\/v2\/users\/10"}],"replies":[{"embeddable":true,"href":"https:\/\/visitrauland.com\/rauland-skisenter\/wp-json\/wp\/v2\/comments?post=10248"}],"wp:featuredmedia":[{"embeddable":true,"href":"https:\/\/visitrauland.com\/rauland-skisenter\/wp-json\/wp\/v2\/media\/10251"}],"wp:attachment":[{"href":"https:\/\/visitrauland.com\/rauland-skisenter\/wp-json\/wp\/v2\/media?parent=10248"}],"wp:term":[{"taxonomy":"post_tag","embeddable":true,"href":"https:\/\/visitrauland.com\/rauland-skisenter\/wp-json\/wp\/v2\/tags?post=10248"},{"taxonomy":"mec_category","embeddable":true,"href":"https:\/\/visitrauland.com\/rauland-skisenter\/wp-json\/wp\/v2\/mec_category?post=10248"}],"curies":[{"name":"wp","href":"https:\/\/api.w.org\/{rel}","templated":true}]}}